{"id":30,"date":"2025-06-13T15:07:11","date_gmt":"2025-06-13T15:07:11","guid":{"rendered":"https:\/\/ledescolas.info\/?page_id=30"},"modified":"2026-03-11T11:01:52","modified_gmt":"2026-03-11T11:01:52","slug":"homepage","status":"publish","type":"page","link":"https:\/\/ledescolas.info\/","title":{"rendered":""},"content":{"rendered":"\t\t<div data-elementor-type=\"wp-page\" data-elementor-id=\"30\" class=\"elementor elementor-30\" data-elementor-post-type=\"page\">\n\t\t\t\t<div class=\"elementor-element elementor-element-c1e0abf elementor-hidden-desktop elementor-hidden-tablet e-flex e-con-boxed e-con e-parent\" data-id=\"c1e0abf\" data-element_type=\"container\" data-e-type=\"container\">\n\t\t\t\t\t<div class=\"e-con-inner\">\n\t\t\t\t<div class=\"elementor-element elementor-element-2ce2a0d4 elementor-widget elementor-widget-heading\" data-id=\"2ce2a0d4\" data-element_type=\"widget\" data-e-type=\"widget\" data-widget_type=\"heading.default\">\n\t\t\t\t<div class=\"elementor-widget-container\">\n\t\t\t\t\t<h1 class=\"elementor-heading-title elementor-size-default\">Sobre o Projeto<\/h1>\t\t\t\t<\/div>\n\t\t\t\t<\/div>\n\t\t\t\t\t<\/div>\n\t\t\t\t<\/div>\n\t\t<div class=\"elementor-element elementor-element-c892ca4 elementor-hidden-tablet e-flex e-con-boxed e-con e-parent\" data-id=\"c892ca4\" data-element_type=\"container\" data-e-type=\"container\">\n\t\t\t\t\t<div class=\"e-con-inner\">\n\t\t\t\t<div class=\"elementor-element elementor-element-6eb7d738 elementor-hidden-desktop elementor-hidden-tablet elementor-widget elementor-widget-image\" data-id=\"6eb7d738\" data-element_type=\"widget\" data-e-type=\"widget\" data-widget_type=\"image.default\">\n\t\t\t\t<div class=\"elementor-widget-container\">\n\t\t\t\t\t\t\t\t\t\t\t\t\t\t\t<img fetchpriority=\"high\" decoding=\"async\" width=\"640\" height=\"400\" src=\"https:\/\/ledescolas.info\/wp-content\/uploads\/2026\/03\/save-the-date-1.jpg\" class=\"attachment-large size-large wp-image-1063\" alt=\"\" srcset=\"https:\/\/ledescolas.info\/wp-content\/uploads\/2026\/03\/save-the-date-1.jpg 640w, https:\/\/ledescolas.info\/wp-content\/uploads\/2026\/03\/save-the-date-1-300x188.jpg 300w\" sizes=\"(max-width: 640px) 100vw, 640px\" \/>\t\t\t\t\t\t\t\t\t\t\t\t\t\t\t<\/div>\n\t\t\t\t<\/div>\n\t\t\t\t<div class=\"elementor-element elementor-element-7637add8 elementor-hidden-desktop elementor-hidden-tablet elementor-widget elementor-widget-text-editor\" data-id=\"7637add8\" data-element_type=\"widget\" data-e-type=\"widget\" data-widget_type=\"text-editor.default\">\n\t\t\t\t<div class=\"elementor-widget-container\">\n\t\t\t\t\t\t\t\t\t<p>Promovido pela ANESPO, em parceria com a AEEP, o <strong>LED@Escolas<\/strong> substitui a ilumina\u00e7\u00e3o fluorescente T8 por LED em escolas profissionais, particulares e cooperativas, envolvendo a comunidade escolar na cria\u00e7\u00e3o da imagem corporativa do projeto<\/p>\t\t\t\t\t\t\t\t<\/div>\n\t\t\t\t<\/div>\n\t\t\t\t<div class=\"elementor-element elementor-element-32244bc elementor-mobile-align-center elementor-align-center elementor-hidden-desktop elementor-hidden-tablet elementor-widget elementor-widget-button\" data-id=\"32244bc\" data-element_type=\"widget\" data-e-type=\"widget\" data-widget_type=\"button.default\">\n\t\t\t\t<div class=\"elementor-widget-container\">\n\t\t\t\t\t\t\t\t\t<div class=\"elementor-button-wrapper\">\n\t\t\t\t\t<a class=\"elementor-button elementor-button-link elementor-size-sm\" href=\"https:\/\/ledescolas.info\/?p=1103\">\n\t\t\t\t\t\t<span class=\"elementor-button-content-wrapper\">\n\t\t\t\t\t\t\t\t\t<span class=\"elementor-button-text\">Resumo do webinar aqui<\/span>\n\t\t\t\t\t<\/span>\n\t\t\t\t\t<\/a>\n\t\t\t\t<\/div>\n\t\t\t\t\t\t\t\t<\/div>\n\t\t\t\t<\/div>\n\t\t\t\t<div class=\"elementor-element elementor-element-542de06c elementor-mobile-align-center elementor-align-center elementor-hidden-desktop elementor-hidden-tablet elementor-widget elementor-widget-button\" data-id=\"542de06c\" data-element_type=\"widget\" data-e-type=\"widget\" data-widget_type=\"button.default\">\n\t\t\t\t<div class=\"elementor-widget-container\">\n\t\t\t\t\t\t\t\t\t<div class=\"elementor-button-wrapper\">\n\t\t\t\t\t<a class=\"elementor-button elementor-button-link elementor-size-sm\" href=\"https:\/\/ledescolas.info\/wp-content\/uploads\/2026\/01\/Webinar-Led@Escolas-Programa-1.pdf\">\n\t\t\t\t\t\t<span class=\"elementor-button-content-wrapper\">\n\t\t\t\t\t\t\t\t\t<span class=\"elementor-button-text\">Programa<\/span>\n\t\t\t\t\t<\/span>\n\t\t\t\t\t<\/a>\n\t\t\t\t<\/div>\n\t\t\t\t\t\t\t\t<\/div>\n\t\t\t\t<\/div>\n\t\t\t\t\t<\/div>\n\t\t\t\t<\/div>\n\t\t<div class=\"elementor-element elementor-element-73e6b252 e-con-full elementor-hidden-mobile e-flex e-con e-parent\" data-id=\"73e6b252\" data-element_type=\"container\" data-e-type=\"container\" data-settings=\"{&quot;background_background&quot;:&quot;classic&quot;}\">\n\t\t<div class=\"elementor-element elementor-element-4eca6690 e-con-full e-flex e-con e-child\" data-id=\"4eca6690\" data-element_type=\"container\" data-e-type=\"container\">\n\t\t\t\t<div class=\"elementor-element elementor-element-1cea69b elementor-widget elementor-widget-heading\" data-id=\"1cea69b\" data-element_type=\"widget\" data-e-type=\"widget\" data-widget_type=\"heading.default\">\n\t\t\t\t<div class=\"elementor-widget-container\">\n\t\t\t\t\t<h1 class=\"elementor-heading-title elementor-size-default\">Sobre o Projeto<\/h1>\t\t\t\t<\/div>\n\t\t\t\t<\/div>\n\t\t\t\t<div class=\"elementor-element elementor-element-4fd6872 elementor-widget elementor-widget-menu-anchor\" data-id=\"4fd6872\" data-element_type=\"widget\" data-e-type=\"widget\" data-widget_type=\"menu-anchor.default\">\n\t\t\t\t<div class=\"elementor-widget-container\">\n\t\t\t\t\t\t\t<div class=\"elementor-menu-anchor\" id=\"sobre\"><\/div>\n\t\t\t\t\t\t<\/div>\n\t\t\t\t<\/div>\n\t\t\t\t<div class=\"elementor-element elementor-element-a821cca elementor-widget elementor-widget-text-editor\" data-id=\"a821cca\" data-element_type=\"widget\" data-e-type=\"widget\" data-widget_type=\"text-editor.default\">\n\t\t\t\t<div class=\"elementor-widget-container\">\n\t\t\t\t\t\t\t\t\t<p>Promovido pela ANESPO, em parceria com a AEEP, o <strong>LED@Escolas<\/strong> substitui a ilumina\u00e7\u00e3o fluorescente T8 por LED em escolas profissionais, particulares e cooperativas, envolvendo a comunidade escolar na cria\u00e7\u00e3o da imagem corporativa do projeto<\/p>\t\t\t\t\t\t\t\t<\/div>\n\t\t\t\t<\/div>\n\t\t\t\t<div class=\"elementor-element elementor-element-9a3c08f elementor-mobile-align-center elementor-widget elementor-widget-button\" data-id=\"9a3c08f\" data-element_type=\"widget\" data-e-type=\"widget\" data-widget_type=\"button.default\">\n\t\t\t\t<div class=\"elementor-widget-container\">\n\t\t\t\t\t\t\t\t\t<div class=\"elementor-button-wrapper\">\n\t\t\t\t\t<a class=\"elementor-button elementor-button-link elementor-size-sm\" href=\"https:\/\/anespo.pt\/ledescolas\/\">\n\t\t\t\t\t\t<span class=\"elementor-button-content-wrapper\">\n\t\t\t\t\t\t\t\t\t<span class=\"elementor-button-text\">Sabe mais aqui<\/span>\n\t\t\t\t\t<\/span>\n\t\t\t\t\t<\/a>\n\t\t\t\t<\/div>\n\t\t\t\t\t\t\t\t<\/div>\n\t\t\t\t<\/div>\n\t\t\t\t<\/div>\n\t\t<div class=\"elementor-element elementor-element-6b48dfff e-con-full e-flex e-con e-child\" data-id=\"6b48dfff\" data-element_type=\"container\" data-e-type=\"container\">\n\t\t\t\t<div class=\"elementor-element elementor-element-8fa4fbf elementor-widget elementor-widget-image\" data-id=\"8fa4fbf\" data-element_type=\"widget\" data-e-type=\"widget\" data-widget_type=\"image.default\">\n\t\t\t\t<div class=\"elementor-widget-container\">\n\t\t\t\t\t\t\t\t\t\t\t\t\t\t\t<img decoding=\"async\" width=\"640\" height=\"400\" src=\"https:\/\/ledescolas.info\/wp-content\/uploads\/2026\/03\/save-the-date-1.jpg\" class=\"attachment-medium_large size-medium_large wp-image-1063\" alt=\"\" srcset=\"https:\/\/ledescolas.info\/wp-content\/uploads\/2026\/03\/save-the-date-1.jpg 640w, https:\/\/ledescolas.info\/wp-content\/uploads\/2026\/03\/save-the-date-1-300x188.jpg 300w\" sizes=\"(max-width: 640px) 100vw, 640px\" \/>\t\t\t\t\t\t\t\t\t\t\t\t\t\t\t<\/div>\n\t\t\t\t<\/div>\n\t\t\t\t<div class=\"elementor-element elementor-element-3bc8673 elementor-mobile-align-center elementor-align-center elementor-hidden-mobile elementor-widget elementor-widget-button\" data-id=\"3bc8673\" data-element_type=\"widget\" data-e-type=\"widget\" data-widget_type=\"button.default\">\n\t\t\t\t<div class=\"elementor-widget-container\">\n\t\t\t\t\t\t\t\t\t<div class=\"elementor-button-wrapper\">\n\t\t\t\t\t<a class=\"elementor-button elementor-button-link elementor-size-sm\" href=\"https:\/\/ledescolas.info\/?p=1103\">\n\t\t\t\t\t\t<span class=\"elementor-button-content-wrapper\">\n\t\t\t\t\t\t\t\t\t<span class=\"elementor-button-text\">Resumo do Webinar aqui<\/span>\n\t\t\t\t\t<\/span>\n\t\t\t\t\t<\/a>\n\t\t\t\t<\/div>\n\t\t\t\t\t\t\t\t<\/div>\n\t\t\t\t<\/div>\n\t\t\t\t<div class=\"elementor-element elementor-element-b8e12bf elementor-mobile-align-center elementor-align-center elementor-hidden-mobile elementor-widget elementor-widget-button\" data-id=\"b8e12bf\" data-element_type=\"widget\" data-e-type=\"widget\" data-widget_type=\"button.default\">\n\t\t\t\t<div class=\"elementor-widget-container\">\n\t\t\t\t\t\t\t\t\t<div class=\"elementor-button-wrapper\">\n\t\t\t\t\t<a class=\"elementor-button elementor-button-link elementor-size-sm\" href=\"https:\/\/ledescolas.info\/wp-content\/uploads\/2026\/01\/Webinar-Led@Escolas-Programa-1-1.pdf\">\n\t\t\t\t\t\t<span class=\"elementor-button-content-wrapper\">\n\t\t\t\t\t\t\t\t\t<span class=\"elementor-button-text\">Programa<\/span>\n\t\t\t\t\t<\/span>\n\t\t\t\t\t<\/a>\n\t\t\t\t<\/div>\n\t\t\t\t\t\t\t\t<\/div>\n\t\t\t\t<\/div>\n\t\t\t\t<\/div>\n\t\t\t\t<\/div>\n\t\t<div class=\"elementor-element elementor-element-881a5d1 e-con-full e-flex e-con e-parent\" data-id=\"881a5d1\" data-element_type=\"container\" data-e-type=\"container\">\n\t\t\t\t<div class=\"elementor-element elementor-element-aa449f4 elementor-widget elementor-widget-menu-anchor\" data-id=\"aa449f4\" data-element_type=\"widget\" data-e-type=\"widget\" data-widget_type=\"menu-anchor.default\">\n\t\t\t\t<div class=\"elementor-widget-container\">\n\t\t\t\t\t\t\t<div class=\"elementor-menu-anchor\" id=\"Fases\"><\/div>\n\t\t\t\t\t\t<\/div>\n\t\t\t\t<\/div>\n\t\t\t\t<div class=\"elementor-element elementor-element-d7d75a4 elementor-widget elementor-widget-heading\" data-id=\"d7d75a4\" data-element_type=\"widget\" data-e-type=\"widget\" data-widget_type=\"heading.default\">\n\t\t\t\t<div class=\"elementor-widget-container\">\n\t\t\t\t\t<h3 class=\"elementor-heading-title elementor-size-default\">Etapas<\/h3>\t\t\t\t<\/div>\n\t\t\t\t<\/div>\n\t\t\t\t<div class=\"elementor-element elementor-element-e2da884 elementor-widget elementor-widget-heading\" data-id=\"e2da884\" data-element_type=\"widget\" data-e-type=\"widget\" data-widget_type=\"heading.default\">\n\t\t\t\t<div class=\"elementor-widget-container\">\n\t\t\t\t\t<p class=\"elementor-heading-title elementor-size-default\">Conhe\u00e7as as principais etapas do projeto LED@Escolas<\/p>\t\t\t\t<\/div>\n\t\t\t\t<\/div>\n\t\t<div class=\"elementor-element elementor-element-3c08c32 e-con-full e-flex e-con e-child\" data-id=\"3c08c32\" data-element_type=\"container\" data-e-type=\"container\">\n\t\t<div class=\"elementor-element elementor-element-90b0149 e-con-full e-flex e-con e-child\" data-id=\"90b0149\" data-element_type=\"container\" data-e-type=\"container\">\n\t\t\t\t<div class=\"elementor-element elementor-element-111391f elementor-position-top elementor-widget elementor-widget-image-box\" data-id=\"111391f\" data-element_type=\"widget\" data-e-type=\"widget\" data-widget_type=\"image-box.default\">\n\t\t\t\t<div class=\"elementor-widget-container\">\n\t\t\t\t\t<div class=\"elementor-image-box-wrapper\"><figure class=\"elementor-image-box-img\"><a href=\"#\" tabindex=\"-1\"><img decoding=\"async\" width=\"1350\" height=\"1080\" src=\"https:\/\/ledescolas.info\/wp-content\/uploads\/2025\/07\/Design-sem-nome-1-min.webp\" class=\"elementor-animation-grow attachment-full size-full wp-image-222\" alt=\"\" srcset=\"https:\/\/ledescolas.info\/wp-content\/uploads\/2025\/07\/Design-sem-nome-1-min.webp 1350w, https:\/\/ledescolas.info\/wp-content\/uploads\/2025\/07\/Design-sem-nome-1-min-300x240.webp 300w, https:\/\/ledescolas.info\/wp-content\/uploads\/2025\/07\/Design-sem-nome-1-min-1024x819.webp 1024w, https:\/\/ledescolas.info\/wp-content\/uploads\/2025\/07\/Design-sem-nome-1-min-768x614.webp 768w\" sizes=\"(max-width: 1350px) 100vw, 1350px\" \/><\/a><\/figure><div class=\"elementor-image-box-content\"><h4 class=\"elementor-image-box-title\"><a href=\"#\">Levantamento das necessidades<\/a><\/h4><p class=\"elementor-image-box-description\"><span style=\", sans-serif;font-size: 16.002px\">Levantamento detalhado das necessidades energ\u00e9ticas dos estabelecimentos de ensino profissional, particular e cooperativo<\/span><\/p><\/div><\/div>\t\t\t\t<\/div>\n\t\t\t\t<\/div>\n\t\t\t\t<\/div>\n\t\t<div class=\"elementor-element elementor-element-7bae9de e-con-full e-flex e-con e-child\" data-id=\"7bae9de\" data-element_type=\"container\" data-e-type=\"container\">\n\t\t\t\t<div class=\"elementor-element elementor-element-43e53e5 elementor-position-top elementor-widget elementor-widget-image-box\" data-id=\"43e53e5\" data-element_type=\"widget\" data-e-type=\"widget\" data-widget_type=\"image-box.default\">\n\t\t\t\t<div class=\"elementor-widget-container\">\n\t\t\t\t\t<div class=\"elementor-image-box-wrapper\"><figure class=\"elementor-image-box-img\"><a href=\"#\" tabindex=\"-1\"><img loading=\"lazy\" decoding=\"async\" width=\"1350\" height=\"1080\" src=\"https:\/\/ledescolas.info\/wp-content\/uploads\/2025\/07\/Design-sem-nome-3-min.webp\" class=\"elementor-animation-grow attachment-full size-full wp-image-219\" alt=\"\" srcset=\"https:\/\/ledescolas.info\/wp-content\/uploads\/2025\/07\/Design-sem-nome-3-min.webp 1350w, https:\/\/ledescolas.info\/wp-content\/uploads\/2025\/07\/Design-sem-nome-3-min-300x240.webp 300w, https:\/\/ledescolas.info\/wp-content\/uploads\/2025\/07\/Design-sem-nome-3-min-1024x819.webp 1024w, https:\/\/ledescolas.info\/wp-content\/uploads\/2025\/07\/Design-sem-nome-3-min-768x614.webp 768w\" sizes=\"(max-width: 1350px) 100vw, 1350px\" \/><\/a><\/figure><div class=\"elementor-image-box-content\"><h4 class=\"elementor-image-box-title\"><a href=\"#\">Sele\u00e7\u00e3o das Escolas Participantes<\/a><\/h4><p class=\"elementor-image-box-description\"><span style=\", sans-serif;font-size: 16.002px\">A Sele\u00e7\u00e3o das escolas teve como base 2 crit\u00e9rios principais: potencial de melhoria tecnol\u00f3gica dos sistemas de ilumina\u00e7\u00e3o e uma distribui\u00e7\u00e3o proporcional face \u00e0 popula\u00e7\u00e3o estudantil total <\/p><\/div><\/div>\t\t\t\t<\/div>\n\t\t\t\t<\/div>\n\t\t\t\t<div class=\"elementor-element elementor-element-3381721 elementor-mobile-align-center elementor-invisible elementor-widget elementor-widget-button\" data-id=\"3381721\" data-element_type=\"widget\" data-e-type=\"widget\" data-settings=\"{&quot;_animation&quot;:&quot;fadeInDown&quot;}\" data-widget_type=\"button.default\">\n\t\t\t\t<div class=\"elementor-widget-container\">\n\t\t\t\t\t\t\t\t\t<div class=\"elementor-button-wrapper\">\n\t\t\t\t\t<a class=\"elementor-button elementor-button-link elementor-size-sm\" href=\"https:\/\/ledescolas.info\/wp-content\/uploads\/2025\/07\/2025_07_23_Listagem_escolas.pdf\">\n\t\t\t\t\t\t<span class=\"elementor-button-content-wrapper\">\n\t\t\t\t\t\t\t\t\t<span class=\"elementor-button-text\">Lista de Escolas <\/span>\n\t\t\t\t\t<\/span>\n\t\t\t\t\t<\/a>\n\t\t\t\t<\/div>\n\t\t\t\t\t\t\t\t<\/div>\n\t\t\t\t<\/div>\n\t\t\t\t<\/div>\n\t\t<div class=\"elementor-element elementor-element-58dbce5 e-con-full e-flex e-con e-child\" data-id=\"58dbce5\" data-element_type=\"container\" data-e-type=\"container\">\n\t\t\t\t<div class=\"elementor-element elementor-element-1c15f8e elementor-position-top elementor-widget elementor-widget-image-box\" data-id=\"1c15f8e\" data-element_type=\"widget\" data-e-type=\"widget\" data-widget_type=\"image-box.default\">\n\t\t\t\t<div class=\"elementor-widget-container\">\n\t\t\t\t\t<div class=\"elementor-image-box-wrapper\"><figure class=\"elementor-image-box-img\"><a href=\"#\" tabindex=\"-1\"><img loading=\"lazy\" decoding=\"async\" width=\"1350\" height=\"1080\" src=\"https:\/\/ledescolas.info\/wp-content\/uploads\/2025\/07\/2-min.webp\" class=\"elementor-animation-grow attachment-full size-full wp-image-221\" alt=\"\" srcset=\"https:\/\/ledescolas.info\/wp-content\/uploads\/2025\/07\/2-min.webp 1350w, https:\/\/ledescolas.info\/wp-content\/uploads\/2025\/07\/2-min-300x240.webp 300w, https:\/\/ledescolas.info\/wp-content\/uploads\/2025\/07\/2-min-1024x819.webp 1024w, https:\/\/ledescolas.info\/wp-content\/uploads\/2025\/07\/2-min-768x614.webp 768w\" sizes=\"(max-width: 1350px) 100vw, 1350px\" \/><\/a><\/figure><div class=\"elementor-image-box-content\"><h4 class=\"elementor-image-box-title\"><a href=\"#\">Aquisi\u00e7\u00e3o, instala\u00e7\u00e3o e abate<\/a><\/h4><p class=\"elementor-image-box-description\"><span style=\", sans-serif;font-size: 16.002px\">A aquisi\u00e7\u00e3o de 12 mil l\u00e2mpadas LED e substitui\u00e7\u00e3o por l\u00e2mpadas T8. O processo de aquisi\u00e7\u00e3o foi gerido pela ANESPO garantindo a melhor rela\u00e7\u00e3o custo-benef\u00edcio poss\u00edvel  e assegurando as regras de n\u00e3o-discrimina\u00e7\u00e3o. O fornecedor foi selecionado ap\u00f3s a consulta de 3 entidades, assegurando transpar\u00eancia e efici\u00eancia. <\/p><\/div><\/div>\t\t\t\t<\/div>\n\t\t\t\t<\/div>\n\t\t\t\t<\/div>\n\t\t<div class=\"elementor-element elementor-element-c4c3170 e-con-full e-flex e-con e-child\" data-id=\"c4c3170\" data-element_type=\"container\" data-e-type=\"container\">\n\t\t\t\t<div class=\"elementor-element elementor-element-8a6bfea elementor-position-top elementor-widget elementor-widget-image-box\" data-id=\"8a6bfea\" data-element_type=\"widget\" data-e-type=\"widget\" data-widget_type=\"image-box.default\">\n\t\t\t\t<div class=\"elementor-widget-container\">\n\t\t\t\t\t<div class=\"elementor-image-box-wrapper\"><figure class=\"elementor-image-box-img\"><a href=\"#\" tabindex=\"-1\"><img loading=\"lazy\" decoding=\"async\" width=\"1350\" height=\"1080\" src=\"https:\/\/ledescolas.info\/wp-content\/uploads\/2025\/07\/Design-sem-nome-2-min.webp\" class=\"elementor-animation-grow attachment-full size-full wp-image-218\" alt=\"\" srcset=\"https:\/\/ledescolas.info\/wp-content\/uploads\/2025\/07\/Design-sem-nome-2-min.webp 1350w, https:\/\/ledescolas.info\/wp-content\/uploads\/2025\/07\/Design-sem-nome-2-min-300x240.webp 300w, https:\/\/ledescolas.info\/wp-content\/uploads\/2025\/07\/Design-sem-nome-2-min-1024x819.webp 1024w, https:\/\/ledescolas.info\/wp-content\/uploads\/2025\/07\/Design-sem-nome-2-min-768x614.webp 768w\" sizes=\"(max-width: 1350px) 100vw, 1350px\" \/><\/a><\/figure><div class=\"elementor-image-box-content\"><h4 class=\"elementor-image-box-title\"><a href=\"#\">Monitoriza\u00e7\u00e3o dos sistemas instalados<\/a><\/h4><p class=\"elementor-image-box-description\">Monitoriza\u00e7\u00e3o dos novos sistemas de ilumina\u00e7\u00e3o instalados em 30 estabelecimentos de ensino, atrav\u00e9s de uma empresa especializada que mediu as poupan\u00e7as efetivas de energia. A avalia\u00e7\u00e3o comparar\u00e1 os consumos antes e depois da substitui\u00e7\u00e3o da tecnologia fluorescente por LED, com base num Plano de Medi\u00e7\u00e3o e Verifica\u00e7\u00e3o (PMV).<\/p><\/div><\/div>\t\t\t\t<\/div>\n\t\t\t\t<\/div>\n\t\t\t\t<\/div>\n\t\t\t\t<\/div>\n\t\t\t\t<\/div>\n\t\t<div class=\"elementor-element elementor-element-10e59f0 e-flex e-con-boxed e-con e-parent\" data-id=\"10e59f0\" data-element_type=\"container\" data-e-type=\"container\">\n\t\t\t\t\t<div class=\"e-con-inner\">\n\t\t\t\t<div class=\"elementor-element elementor-element-19781e5 elementor-widget elementor-widget-spacer\" data-id=\"19781e5\" data-element_type=\"widget\" data-e-type=\"widget\" data-widget_type=\"spacer.default\">\n\t\t\t\t<div class=\"elementor-widget-container\">\n\t\t\t\t\t\t\t<div class=\"elementor-spacer\">\n\t\t\t<div class=\"elementor-spacer-inner\"><\/div>\n\t\t<\/div>\n\t\t\t\t\t\t<\/div>\n\t\t\t\t<\/div>\n\t\t\t\t\t<\/div>\n\t\t\t\t<\/div>\n\t\t<div class=\"elementor-element elementor-element-234565d e-flex e-con-boxed e-con e-parent\" data-id=\"234565d\" data-element_type=\"container\" data-e-type=\"container\">\n\t\t\t\t\t<div class=\"e-con-inner\">\n\t\t\t\t<div class=\"elementor-element elementor-element-bab3897 elementor-widget elementor-widget-menu-anchor\" data-id=\"bab3897\" data-element_type=\"widget\" data-e-type=\"widget\" data-widget_type=\"menu-anchor.default\">\n\t\t\t\t<div class=\"elementor-widget-container\">\n\t\t\t\t\t\t\t<div class=\"elementor-menu-anchor\" id=\"Concurso\"><\/div>\n\t\t\t\t\t\t<\/div>\n\t\t\t\t<\/div>\n\t\t\t\t\t<\/div>\n\t\t\t\t<\/div>\n\t\t<div class=\"elementor-element elementor-element-63d42ea elementor-hidden-tablet elementor-hidden-mobile e-flex e-con-boxed e-con e-parent\" data-id=\"63d42ea\" data-element_type=\"container\" data-e-type=\"container\">\n\t\t\t\t\t<div class=\"e-con-inner\">\n\t\t<div class=\"elementor-element elementor-element-4ec3d15 e-con-full e-flex e-con e-child\" data-id=\"4ec3d15\" data-element_type=\"container\" data-e-type=\"container\">\n\t\t<div class=\"elementor-element elementor-element-4c0c6ec e-con-full e-flex e-con e-child\" data-id=\"4c0c6ec\" data-element_type=\"container\" data-e-type=\"container\">\n\t\t\t\t<div class=\"elementor-element elementor-element-f4027fe elementor-widget elementor-widget-image\" data-id=\"f4027fe\" data-element_type=\"widget\" data-e-type=\"widget\" data-widget_type=\"image.default\">\n\t\t\t\t<div class=\"elementor-widget-container\">\n\t\t\t\t\t\t\t\t\t\t\t\t\t\t\t<img loading=\"lazy\" decoding=\"async\" width=\"800\" height=\"640\" src=\"https:\/\/ledescolas.info\/wp-content\/uploads\/2025\/06\/7-min-1024x819.webp\" class=\"attachment-large size-large wp-image-143\" alt=\"\" srcset=\"https:\/\/ledescolas.info\/wp-content\/uploads\/2025\/06\/7-min-1024x819.webp 1024w, https:\/\/ledescolas.info\/wp-content\/uploads\/2025\/06\/7-min-300x240.webp 300w, https:\/\/ledescolas.info\/wp-content\/uploads\/2025\/06\/7-min-768x614.webp 768w, https:\/\/ledescolas.info\/wp-content\/uploads\/2025\/06\/7-min.webp 1350w\" sizes=\"(max-width: 800px) 100vw, 800px\" \/>\t\t\t\t\t\t\t\t\t\t\t\t\t\t\t<\/div>\n\t\t\t\t<\/div>\n\t\t\t\t<\/div>\n\t\t\t\t<\/div>\n\t\t<div class=\"elementor-element elementor-element-2e8fc12 e-con-full e-flex e-con e-child\" data-id=\"2e8fc12\" data-element_type=\"container\" data-e-type=\"container\">\n\t\t\t\t<div class=\"elementor-element elementor-element-2fec85e elementor-widget elementor-widget-heading\" data-id=\"2fec85e\" data-element_type=\"widget\" data-e-type=\"widget\" data-widget_type=\"heading.default\">\n\t\t\t\t<div class=\"elementor-widget-container\">\n\t\t\t\t\t<h3 class=\"elementor-heading-title elementor-size-default\">Concurso de Ideias<\/h3>\t\t\t\t<\/div>\n\t\t\t\t<\/div>\n\t\t\t\t<div class=\"elementor-element elementor-element-fdda91f elementor-widget elementor-widget-text-editor\" data-id=\"fdda91f\" data-element_type=\"widget\" data-e-type=\"widget\" data-widget_type=\"text-editor.default\">\n\t\t\t\t<div class=\"elementor-widget-container\">\n\t\t\t\t\t\t\t\t\t<p>Em Janeiro de 2025, a ANESPO lan\u00e7ou o desafio aos alunos das escolas profissionais: criarem a imagem corporativa do LED@Escolas. A ades\u00e3o superou todas as expetativas com a participa\u00e7\u00e3o de mais de 100 alunos de 17 escolas de norte a sul do pa\u00eds!<\/p>\t\t\t\t\t\t\t\t<\/div>\n\t\t\t\t<\/div>\n\t\t\t\t<div class=\"elementor-element elementor-element-5887611 elementor-mobile-align-center elementor-invisible elementor-widget elementor-widget-button\" data-id=\"5887611\" data-element_type=\"widget\" data-e-type=\"widget\" data-settings=\"{&quot;_animation&quot;:&quot;fadeInDown&quot;}\" data-widget_type=\"button.default\">\n\t\t\t\t<div class=\"elementor-widget-container\">\n\t\t\t\t\t\t\t\t\t<div class=\"elementor-button-wrapper\">\n\t\t\t\t\t<a class=\"elementor-button elementor-button-link elementor-size-sm\" href=\"https:\/\/anespo.pt\/ledescolas-vencedores\/\">\n\t\t\t\t\t\t<span class=\"elementor-button-content-wrapper\">\n\t\t\t\t\t\t\t\t\t<span class=\"elementor-button-text\">Sabe mais Aqui<\/span>\n\t\t\t\t\t<\/span>\n\t\t\t\t\t<\/a>\n\t\t\t\t<\/div>\n\t\t\t\t\t\t\t\t<\/div>\n\t\t\t\t<\/div>\n\t\t\t\t<\/div>\n\t\t\t\t\t<\/div>\n\t\t\t\t<\/div>\n\t\t<div class=\"elementor-element elementor-element-2cd39c5 elementor-hidden-desktop e-flex e-con-boxed e-con e-parent\" data-id=\"2cd39c5\" data-element_type=\"container\" data-e-type=\"container\">\n\t\t\t\t\t<div class=\"e-con-inner\">\n\t\t\t\t<div class=\"elementor-element elementor-element-6a1ba14 elementor-widget elementor-widget-heading\" data-id=\"6a1ba14\" data-element_type=\"widget\" data-e-type=\"widget\" data-widget_type=\"heading.default\">\n\t\t\t\t<div class=\"elementor-widget-container\">\n\t\t\t\t\t<h3 class=\"elementor-heading-title elementor-size-default\">Concurso de Ideias<\/h3>\t\t\t\t<\/div>\n\t\t\t\t<\/div>\n\t\t\t\t\t<\/div>\n\t\t\t\t<\/div>\n\t\t<div class=\"elementor-element elementor-element-9ccdf02 e-flex e-con-boxed e-con e-parent\" data-id=\"9ccdf02\" data-element_type=\"container\" data-e-type=\"container\">\n\t\t\t\t\t<div class=\"e-con-inner\">\n\t\t\t\t<div class=\"elementor-element elementor-element-bb35598 elementor-hidden-desktop elementor-widget elementor-widget-image\" data-id=\"bb35598\" data-element_type=\"widget\" data-e-type=\"widget\" data-widget_type=\"image.default\">\n\t\t\t\t<div class=\"elementor-widget-container\">\n\t\t\t\t\t\t\t\t\t\t\t\t\t\t\t<img loading=\"lazy\" decoding=\"async\" width=\"800\" height=\"640\" src=\"https:\/\/ledescolas.info\/wp-content\/uploads\/2025\/06\/7-min-1024x819.webp\" class=\"attachment-large size-large wp-image-143\" alt=\"\" srcset=\"https:\/\/ledescolas.info\/wp-content\/uploads\/2025\/06\/7-min-1024x819.webp 1024w, https:\/\/ledescolas.info\/wp-content\/uploads\/2025\/06\/7-min-300x240.webp 300w, https:\/\/ledescolas.info\/wp-content\/uploads\/2025\/06\/7-min-768x614.webp 768w, https:\/\/ledescolas.info\/wp-content\/uploads\/2025\/06\/7-min.webp 1350w\" sizes=\"(max-width: 800px) 100vw, 800px\" \/>\t\t\t\t\t\t\t\t\t\t\t\t\t\t\t<\/div>\n\t\t\t\t<\/div>\n\t\t\t\t\t<\/div>\n\t\t\t\t<\/div>\n\t\t<div class=\"elementor-element elementor-element-e8734a6 e-flex e-con-boxed e-con e-parent\" data-id=\"e8734a6\" data-element_type=\"container\" data-e-type=\"container\">\n\t\t\t\t\t<div class=\"e-con-inner\">\n\t\t\t\t<div class=\"elementor-element elementor-element-43891cb elementor-hidden-desktop elementor-widget elementor-widget-text-editor\" data-id=\"43891cb\" data-element_type=\"widget\" data-e-type=\"widget\" data-widget_type=\"text-editor.default\">\n\t\t\t\t<div class=\"elementor-widget-container\">\n\t\t\t\t\t\t\t\t\t<p>Em Janeiro de 2025, a ANESPO lan\u00e7ou o desafio aos alunos das escolas profissionais: criarem a imagem corporativa do do LED@Escolas: a ades\u00e3o superou todas as expetativas!<\/p>\t\t\t\t\t\t\t\t<\/div>\n\t\t\t\t<\/div>\n\t\t\t\t\t<\/div>\n\t\t\t\t<\/div>\n\t\t<div class=\"elementor-element elementor-element-5e902bb e-flex e-con-boxed e-con e-parent\" data-id=\"5e902bb\" data-element_type=\"container\" data-e-type=\"container\">\n\t\t\t\t\t<div class=\"e-con-inner\">\n\t\t\t\t<div class=\"elementor-element elementor-element-ba7ead2 elementor-mobile-align-center elementor-align-left elementor-hidden-desktop elementor-invisible elementor-widget elementor-widget-button\" data-id=\"ba7ead2\" data-element_type=\"widget\" data-e-type=\"widget\" data-settings=\"{&quot;_animation&quot;:&quot;fadeInDown&quot;}\" data-widget_type=\"button.default\">\n\t\t\t\t<div class=\"elementor-widget-container\">\n\t\t\t\t\t\t\t\t\t<div class=\"elementor-button-wrapper\">\n\t\t\t\t\t<a class=\"elementor-button elementor-button-link elementor-size-sm\" href=\"https:\/\/anespo.pt\/ledescolas-vencedores\/\">\n\t\t\t\t\t\t<span class=\"elementor-button-content-wrapper\">\n\t\t\t\t\t\t\t\t\t<span class=\"elementor-button-text\">Sabe mais Aqui<\/span>\n\t\t\t\t\t<\/span>\n\t\t\t\t\t<\/a>\n\t\t\t\t<\/div>\n\t\t\t\t\t\t\t\t<\/div>\n\t\t\t\t<\/div>\n\t\t\t\t<div class=\"elementor-element elementor-element-82ab75a elementor-hidden-mobile elementor-widget elementor-widget-heading\" data-id=\"82ab75a\" data-element_type=\"widget\" data-e-type=\"widget\" data-widget_type=\"heading.default\">\n\t\t\t\t<div class=\"elementor-widget-container\">\n\t\t\t\t\t<h3 class=\"elementor-heading-title elementor-size-default\">O que dizem sobre n\u00f3s<\/h3>\t\t\t\t<\/div>\n\t\t\t\t<\/div>\n\t\t\t\t<div class=\"elementor-element elementor-element-f8c4144 elementor-hidden-desktop elementor-hidden-tablet elementor-widget elementor-widget-heading\" data-id=\"f8c4144\" data-element_type=\"widget\" data-e-type=\"widget\" data-widget_type=\"heading.default\">\n\t\t\t\t<div class=\"elementor-widget-container\">\n\t\t\t\t\t<h3 class=\"elementor-heading-title elementor-size-default\">O que dizem sobre n\u00f3s<\/h3>\t\t\t\t<\/div>\n\t\t\t\t<\/div>\n\t\t\t\t\t<\/div>\n\t\t\t\t<\/div>\n\t\t<div class=\"elementor-element elementor-element-73e6e913 e-con-full elementor-hidden-mobile e-flex e-con e-parent\" data-id=\"73e6e913\" data-element_type=\"container\" data-e-type=\"container\">\n\t\t\t\t<\/div>\n\t\t<div class=\"elementor-element elementor-element-dfb54a5 e-flex e-con-boxed e-con e-parent\" data-id=\"dfb54a5\" data-element_type=\"container\" data-e-type=\"container\">\n\t\t\t\t\t<div class=\"e-con-inner\">\n\t\t\t\t<div class=\"elementor-element elementor-element-b4d25ba elementor-widget elementor-widget-spacer\" data-id=\"b4d25ba\" data-element_type=\"widget\" data-e-type=\"widget\" data-widget_type=\"spacer.default\">\n\t\t\t\t<div class=\"elementor-widget-container\">\n\t\t\t\t\t\t\t<div class=\"elementor-spacer\">\n\t\t\t<div class=\"elementor-spacer-inner\"><\/div>\n\t\t<\/div>\n\t\t\t\t\t\t<\/div>\n\t\t\t\t<\/div>\n\t\t\t\t\t<\/div>\n\t\t\t\t<\/div>\n\t\t<div class=\"elementor-element elementor-element-9562f7d e-con-full elementor-hidden-mobile e-flex e-con e-parent\" data-id=\"9562f7d\" data-element_type=\"container\" data-e-type=\"container\">\n\t\t<div class=\"elementor-element elementor-element-e3749c6 e-con-full e-flex e-con e-child\" data-id=\"e3749c6\" data-element_type=\"container\" data-e-type=\"container\">\n\t\t\t\t<div class=\"elementor-element elementor-element-1167f18 elementor-hidden-mobile elementor-widget elementor-widget-image\" data-id=\"1167f18\" data-element_type=\"widget\" data-e-type=\"widget\" data-widget_type=\"image.default\">\n\t\t\t\t<div class=\"elementor-widget-container\">\n\t\t\t\t\t\t\t\t\t\t\t\t\t\t\t<img loading=\"lazy\" decoding=\"async\" width=\"300\" height=\"220\" src=\"https:\/\/ledescolas.info\/wp-content\/uploads\/2026\/01\/Led-escolas-e1769529978555-300x220.jpg\" class=\"attachment-medium size-medium wp-image-1051\" alt=\"\" srcset=\"https:\/\/ledescolas.info\/wp-content\/uploads\/2026\/01\/Led-escolas-e1769529978555-300x220.jpg 300w, https:\/\/ledescolas.info\/wp-content\/uploads\/2026\/01\/Led-escolas-e1769529978555-768x563.jpg 768w, https:\/\/ledescolas.info\/wp-content\/uploads\/2026\/01\/Led-escolas-e1769529978555.jpg 900w\" sizes=\"(max-width: 300px) 100vw, 300px\" \/>\t\t\t\t\t\t\t\t\t\t\t\t\t\t\t<\/div>\n\t\t\t\t<\/div>\n\t\t\t\t<\/div>\n\t\t<div class=\"elementor-element elementor-element-d2db240 e-con-full e-flex e-con e-child\" data-id=\"d2db240\" data-element_type=\"container\" data-e-type=\"container\">\n\t\t\t\t<div class=\"elementor-element elementor-element-f345fa4 elementor-widget elementor-widget-heading\" data-id=\"f345fa4\" data-element_type=\"widget\" data-e-type=\"widget\" data-widget_type=\"heading.default\">\n\t\t\t\t<div class=\"elementor-widget-container\">\n\t\t\t\t\t<h2 class=\"elementor-heading-title elementor-size-default\">Escola Epralima: Epralima Rumo \u00e0 Efici\u00eancia Energ\u00e9tica com o Projeto LED@Escolas\n<\/h2>\t\t\t\t<\/div>\n\t\t\t\t<\/div>\n\t\t\t\t<div class=\"elementor-element elementor-element-f58d2c9 elementor-widget elementor-widget-text-editor\" data-id=\"f58d2c9\" data-element_type=\"widget\" data-e-type=\"widget\" data-widget_type=\"text-editor.default\">\n\t\t\t\t<div class=\"elementor-widget-container\">\n\t\t\t\t\t\t\t\t\t<p data-pm-slice=\"0 0 []\">A Epralima deu mais um passo decisivo no seu compromisso com a sustentabilidade ambiental ao participar no projeto LED@Escolas. Esta iniciativa, promovida pela ANESPO (Associa\u00e7\u00e3o Nacional de Escolas Profissionais) em parceria com a AEEP, visa a substitui\u00e7\u00e3o integral da ilumina\u00e7\u00e3o fluorescente tradicional (T8) por tecnologia LED de \u00faltima gera\u00e7\u00e3o.<\/p>\t\t\t\t\t\t\t\t<\/div>\n\t\t\t\t<\/div>\n\t\t\t\t<div class=\"elementor-element elementor-element-571f37a elementor-mobile-align-center elementor-align-left elementor-invisible elementor-widget elementor-widget-button\" data-id=\"571f37a\" data-element_type=\"widget\" data-e-type=\"widget\" data-settings=\"{&quot;_animation&quot;:&quot;fadeInDown&quot;}\" data-widget_type=\"button.default\">\n\t\t\t\t<div class=\"elementor-widget-container\">\n\t\t\t\t\t\t\t\t\t<div class=\"elementor-button-wrapper\">\n\t\t\t\t\t<a class=\"elementor-button elementor-button-link elementor-size-sm\" href=\"https:\/\/www.epralima.com\/website\/2026\/01\/22\/projeto-ledescolas\/?fbclid=IwY2xjawPlu-dleHRuA2FlbQIxMABicmlkETFFYjVFbWtEWWVIWnJxV1Rac3J0YwZhcHBfaWQQMjIyMDM5MTc4ODIwMDg5MgABHsVOJf-Kv0D1JM9BVr4jFvyUxEAFqXQklzAbYUuSozuR08DDvv1UgrNivtRA_aem_r6iFxUfES9bc7jHU58gZsA\" target=\"_blank\">\n\t\t\t\t\t\t<span class=\"elementor-button-content-wrapper\">\n\t\t\t\t\t\t\t\t\t<span class=\"elementor-button-text\">Saber mais<\/span>\n\t\t\t\t\t<\/span>\n\t\t\t\t\t<\/a>\n\t\t\t\t<\/div>\n\t\t\t\t\t\t\t\t<\/div>\n\t\t\t\t<\/div>\n\t\t\t\t<\/div>\n\t\t\t\t<\/div>\n\t\t<div class=\"elementor-element elementor-element-984196f e-con-full elementor-hidden-desktop elementor-hidden-tablet e-flex e-con e-parent\" data-id=\"984196f\" data-element_type=\"container\" data-e-type=\"container\">\n\t\t<div class=\"elementor-element elementor-element-5e44b10 e-con-full e-flex e-con e-child\" data-id=\"5e44b10\" data-element_type=\"container\" data-e-type=\"container\">\n\t\t\t\t<div class=\"elementor-element elementor-element-445e7ef elementor-hidden-mobile elementor-widget elementor-widget-image\" data-id=\"445e7ef\" data-element_type=\"widget\" data-e-type=\"widget\" data-widget_type=\"image.default\">\n\t\t\t\t<div class=\"elementor-widget-container\">\n\t\t\t\t\t\t\t\t\t\t\t\t\t\t\t<img loading=\"lazy\" decoding=\"async\" width=\"300\" height=\"300\" src=\"https:\/\/ledescolas.info\/wp-content\/uploads\/2026\/01\/Design-sem-nome.jpg\" class=\"attachment-large size-large wp-image-1053\" alt=\"\" srcset=\"https:\/\/ledescolas.info\/wp-content\/uploads\/2026\/01\/Design-sem-nome.jpg 300w, https:\/\/ledescolas.info\/wp-content\/uploads\/2026\/01\/Design-sem-nome-150x150.jpg 150w\" sizes=\"(max-width: 300px) 100vw, 300px\" \/>\t\t\t\t\t\t\t\t\t\t\t\t\t\t\t<\/div>\n\t\t\t\t<\/div>\n\t\t\t\t<\/div>\n\t\t<div class=\"elementor-element elementor-element-13cbe05 e-con-full e-flex e-con e-child\" data-id=\"13cbe05\" data-element_type=\"container\" data-e-type=\"container\">\n\t\t\t\t<div class=\"elementor-element elementor-element-19beab4 elementor-widget elementor-widget-heading\" data-id=\"19beab4\" data-element_type=\"widget\" data-e-type=\"widget\" data-widget_type=\"heading.default\">\n\t\t\t\t<div class=\"elementor-widget-container\">\n\t\t\t\t\t<h2 class=\"elementor-heading-title elementor-size-default\">Escola Epralima: Epralima Rumo \u00e0 Efici\u00eancia Energ\u00e9tica com o Projeto LED@Escolas\n<\/h2>\t\t\t\t<\/div>\n\t\t\t\t<\/div>\n\t\t\t\t<div class=\"elementor-element elementor-element-7de776f elementor-widget elementor-widget-text-editor\" data-id=\"7de776f\" data-element_type=\"widget\" data-e-type=\"widget\" data-widget_type=\"text-editor.default\">\n\t\t\t\t<div class=\"elementor-widget-container\">\n\t\t\t\t\t\t\t\t\t<p data-pm-slice=\"0 0 []\">A Epralima deu mais um passo decisivo no seu compromisso com a sustentabilidade ambiental ao participar no projeto LED@Escolas. Esta iniciativa, promovida pela ANESPO (Associa\u00e7\u00e3o Nacional de Escolas Profissionais) em parceria com a AEEP, visa a substitui\u00e7\u00e3o integral da ilumina\u00e7\u00e3o fluorescente tradicional (T8) por tecnologia LED de \u00faltima gera\u00e7\u00e3o.<\/p>\t\t\t\t\t\t\t\t<\/div>\n\t\t\t\t<\/div>\n\t\t\t\t<div class=\"elementor-element elementor-element-caa9030 elementor-mobile-align-center elementor-align-left elementor-invisible elementor-widget elementor-widget-button\" data-id=\"caa9030\" data-element_type=\"widget\" data-e-type=\"widget\" data-settings=\"{&quot;_animation&quot;:&quot;fadeInDown&quot;}\" data-widget_type=\"button.default\">\n\t\t\t\t<div class=\"elementor-widget-container\">\n\t\t\t\t\t\t\t\t\t<div class=\"elementor-button-wrapper\">\n\t\t\t\t\t<a class=\"elementor-button elementor-button-link elementor-size-sm\" href=\"https:\/\/www.epralima.com\/website\/2026\/01\/22\/projeto-ledescolas\/?fbclid=IwY2xjawPlu-dleHRuA2FlbQIxMABicmlkETFFYjVFbWtEWWVIWnJxV1Rac3J0YwZhcHBfaWQQMjIyMDM5MTc4ODIwMDg5MgABHsVOJf-Kv0D1JM9BVr4jFvyUxEAFqXQklzAbYUuSozuR08DDvv1UgrNivtRA_aem_r6iFxUfES9bc7jHU58gZsA\" target=\"_blank\">\n\t\t\t\t\t\t<span class=\"elementor-button-content-wrapper\">\n\t\t\t\t\t\t\t\t\t<span class=\"elementor-button-text\">Saber mais<\/span>\n\t\t\t\t\t<\/span>\n\t\t\t\t\t<\/a>\n\t\t\t\t<\/div>\n\t\t\t\t\t\t\t\t<\/div>\n\t\t\t\t<\/div>\n\t\t\t\t<\/div>\n\t\t\t\t<\/div>\n\t\t<div class=\"elementor-element elementor-element-b74896e e-con-full elementor-hidden-desktop elementor-hidden-tablet e-flex e-con e-parent\" data-id=\"b74896e\" data-element_type=\"container\" data-e-type=\"container\">\n\t\t<div class=\"elementor-element elementor-element-2166267 e-con-full e-flex e-con e-child\" data-id=\"2166267\" data-element_type=\"container\" data-e-type=\"container\">\n\t\t\t\t<div class=\"elementor-element elementor-element-b9dc1ae elementor-hidden-mobile elementor-widget elementor-widget-image\" data-id=\"b9dc1ae\" data-element_type=\"widget\" data-e-type=\"widget\" data-widget_type=\"image.default\">\n\t\t\t\t<div class=\"elementor-widget-container\">\n\t\t\t\t\t\t\t\t\t\t\t\t\t\t\t<img loading=\"lazy\" decoding=\"async\" width=\"800\" height=\"353\" src=\"https:\/\/ledescolas.info\/wp-content\/uploads\/2026\/01\/luminarias-led-escolas.webp\" class=\"attachment-large size-large wp-image-1038\" alt=\"\" srcset=\"https:\/\/ledescolas.info\/wp-content\/uploads\/2026\/01\/luminarias-led-escolas.webp 1024w, https:\/\/ledescolas.info\/wp-content\/uploads\/2026\/01\/luminarias-led-escolas-300x132.webp 300w, https:\/\/ledescolas.info\/wp-content\/uploads\/2026\/01\/luminarias-led-escolas-768x339.webp 768w\" sizes=\"(max-width: 800px) 100vw, 800px\" \/>\t\t\t\t\t\t\t\t\t\t\t\t\t\t\t<\/div>\n\t\t\t\t<\/div>\n\t\t\t\t<\/div>\n\t\t<div class=\"elementor-element elementor-element-7152216 e-con-full e-flex e-con e-child\" data-id=\"7152216\" data-element_type=\"container\" data-e-type=\"container\">\n\t\t\t\t<div class=\"elementor-element elementor-element-732dee8 elementor-widget elementor-widget-heading\" data-id=\"732dee8\" data-element_type=\"widget\" data-e-type=\"widget\" data-widget_type=\"heading.default\">\n\t\t\t\t<div class=\"elementor-widget-container\">\n\t\t\t\t\t<h2 class=\"elementor-heading-title elementor-size-default\">Revista o Eletricista: 30 mil lumin\u00e1rias LED aceleram transi\u00e7\u00e3o energ\u00e9tica em 70 escolas<\/h2>\t\t\t\t<\/div>\n\t\t\t\t<\/div>\n\t\t\t\t<div class=\"elementor-element elementor-element-35c0838 elementor-widget elementor-widget-text-editor\" data-id=\"35c0838\" data-element_type=\"widget\" data-e-type=\"widget\" data-widget_type=\"text-editor.default\">\n\t\t\t\t<div class=\"elementor-widget-container\">\n\t\t\t\t\t\t\t\t\t<p data-pm-slice=\"0 0 []\">Cerca de 30 mil lumin\u00e1rias fluorescentes T8 foram substitu\u00eddas por\u00a0<strong>tecnologia LED<\/strong>\u00a0em 70 escolas de ensino profissional de Portugal continental e ilhas, no \u00e2mbito do\u00a0programa LED@ESCOLAS, promovido pela\u00a0ANESPO \u2013 Associa\u00e7\u00e3o Nacional de Escolas Profissionais\u00a0e pela\u00a0AEEP \u2013 Associa\u00e7\u00e3o de Estabelecimentos de Ensino Particular e Cooperativo.<\/p>\t\t\t\t\t\t\t\t<\/div>\n\t\t\t\t<\/div>\n\t\t\t\t<div class=\"elementor-element elementor-element-e3d92fb elementor-mobile-align-center elementor-align-left elementor-invisible elementor-widget elementor-widget-button\" data-id=\"e3d92fb\" data-element_type=\"widget\" data-e-type=\"widget\" data-settings=\"{&quot;_animation&quot;:&quot;fadeInDown&quot;}\" data-widget_type=\"button.default\">\n\t\t\t\t<div class=\"elementor-widget-container\">\n\t\t\t\t\t\t\t\t\t<div class=\"elementor-button-wrapper\">\n\t\t\t\t\t<a class=\"elementor-button elementor-button-link elementor-size-sm\" href=\"https:\/\/www.oelectricista.pt\/30-mil-luminarias-led-em-70-escolas\/\" target=\"_blank\">\n\t\t\t\t\t\t<span class=\"elementor-button-content-wrapper\">\n\t\t\t\t\t\t\t\t\t<span class=\"elementor-button-text\">Saber mais<\/span>\n\t\t\t\t\t<\/span>\n\t\t\t\t\t<\/a>\n\t\t\t\t<\/div>\n\t\t\t\t\t\t\t\t<\/div>\n\t\t\t\t<\/div>\n\t\t\t\t<\/div>\n\t\t\t\t<\/div>\n\t\t<div class=\"elementor-element elementor-element-a4518a3 e-con-full elementor-hidden-mobile e-flex e-con e-parent\" data-id=\"a4518a3\" data-element_type=\"container\" data-e-type=\"container\">\n\t\t<div class=\"elementor-element elementor-element-da4b963 e-con-full e-flex e-con e-child\" data-id=\"da4b963\" data-element_type=\"container\" data-e-type=\"container\">\n\t\t\t\t<div class=\"elementor-element elementor-element-fae2d0c elementor-hidden-mobile elementor-widget elementor-widget-image\" data-id=\"fae2d0c\" data-element_type=\"widget\" data-e-type=\"widget\" data-widget_type=\"image.default\">\n\t\t\t\t<div class=\"elementor-widget-container\">\n\t\t\t\t\t\t\t\t\t\t\t\t\t\t\t<img loading=\"lazy\" decoding=\"async\" width=\"800\" height=\"353\" src=\"https:\/\/ledescolas.info\/wp-content\/uploads\/2026\/01\/luminarias-led-escolas.webp\" class=\"attachment-large size-large wp-image-1038\" alt=\"\" srcset=\"https:\/\/ledescolas.info\/wp-content\/uploads\/2026\/01\/luminarias-led-escolas.webp 1024w, https:\/\/ledescolas.info\/wp-content\/uploads\/2026\/01\/luminarias-led-escolas-300x132.webp 300w, https:\/\/ledescolas.info\/wp-content\/uploads\/2026\/01\/luminarias-led-escolas-768x339.webp 768w\" sizes=\"(max-width: 800px) 100vw, 800px\" \/>\t\t\t\t\t\t\t\t\t\t\t\t\t\t\t<\/div>\n\t\t\t\t<\/div>\n\t\t\t\t<\/div>\n\t\t<div class=\"elementor-element elementor-element-3d9e97b e-con-full e-flex e-con e-child\" data-id=\"3d9e97b\" data-element_type=\"container\" data-e-type=\"container\">\n\t\t\t\t<div class=\"elementor-element elementor-element-f4f51fa elementor-widget elementor-widget-heading\" data-id=\"f4f51fa\" data-element_type=\"widget\" data-e-type=\"widget\" data-widget_type=\"heading.default\">\n\t\t\t\t<div class=\"elementor-widget-container\">\n\t\t\t\t\t<h2 class=\"elementor-heading-title elementor-size-default\">Revista o Eletricista: 30 mil lumin\u00e1rias LED aceleram transi\u00e7\u00e3o energ\u00e9tica em 70 escolas<\/h2>\t\t\t\t<\/div>\n\t\t\t\t<\/div>\n\t\t\t\t<div class=\"elementor-element elementor-element-63fc766 elementor-widget elementor-widget-text-editor\" data-id=\"63fc766\" data-element_type=\"widget\" data-e-type=\"widget\" data-widget_type=\"text-editor.default\">\n\t\t\t\t<div class=\"elementor-widget-container\">\n\t\t\t\t\t\t\t\t\t<p data-pm-slice=\"0 0 []\">Cerca de 30 mil lumin\u00e1rias fluorescentes T8 foram substitu\u00eddas por\u00a0<strong>tecnologia LED<\/strong>\u00a0em 70 escolas de ensino profissional de Portugal continental e ilhas, no \u00e2mbito do\u00a0programa LED@ESCOLAS, promovido pela\u00a0ANESPO \u2013 Associa\u00e7\u00e3o Nacional de Escolas Profissionais\u00a0e pela\u00a0AEEP \u2013 Associa\u00e7\u00e3o de Estabelecimentos de Ensino Particular e Cooperativo.<\/p>\t\t\t\t\t\t\t\t<\/div>\n\t\t\t\t<\/div>\n\t\t\t\t<div class=\"elementor-element elementor-element-49d7a1b elementor-mobile-align-center elementor-align-left elementor-invisible elementor-widget elementor-widget-button\" data-id=\"49d7a1b\" data-element_type=\"widget\" data-e-type=\"widget\" data-settings=\"{&quot;_animation&quot;:&quot;fadeInDown&quot;}\" data-widget_type=\"button.default\">\n\t\t\t\t<div class=\"elementor-widget-container\">\n\t\t\t\t\t\t\t\t\t<div class=\"elementor-button-wrapper\">\n\t\t\t\t\t<a class=\"elementor-button elementor-button-link elementor-size-sm\" href=\"https:\/\/www.oelectricista.pt\/30-mil-luminarias-led-em-70-escolas\/\" target=\"_blank\">\n\t\t\t\t\t\t<span class=\"elementor-button-content-wrapper\">\n\t\t\t\t\t\t\t\t\t<span class=\"elementor-button-text\">Saber mais<\/span>\n\t\t\t\t\t<\/span>\n\t\t\t\t\t<\/a>\n\t\t\t\t<\/div>\n\t\t\t\t\t\t\t\t<\/div>\n\t\t\t\t<\/div>\n\t\t\t\t<\/div>\n\t\t\t\t<\/div>\n\t\t<div class=\"elementor-element elementor-element-4c53beb e-con-full elementor-hidden-mobile e-flex e-con e-parent\" data-id=\"4c53beb\" data-element_type=\"container\" data-e-type=\"container\">\n\t\t<div class=\"elementor-element elementor-element-028a9df e-con-full e-flex e-con e-child\" data-id=\"028a9df\" data-element_type=\"container\" data-e-type=\"container\">\n\t\t\t\t<div class=\"elementor-element elementor-element-ae59220 elementor-hidden-mobile elementor-widget elementor-widget-image\" data-id=\"ae59220\" data-element_type=\"widget\" data-e-type=\"widget\" data-widget_type=\"image.default\">\n\t\t\t\t<div class=\"elementor-widget-container\">\n\t\t\t\t\t\t\t\t\t\t\t\t\t\t\t<img loading=\"lazy\" decoding=\"async\" width=\"300\" height=\"212\" src=\"https:\/\/ledescolas.info\/wp-content\/uploads\/2026\/01\/Diario-de-Viseu-300x212.jpg\" class=\"attachment-medium size-medium wp-image-1033\" alt=\"\" srcset=\"https:\/\/ledescolas.info\/wp-content\/uploads\/2026\/01\/Diario-de-Viseu-300x212.jpg 300w, https:\/\/ledescolas.info\/wp-content\/uploads\/2026\/01\/Diario-de-Viseu.jpg 629w\" sizes=\"(max-width: 300px) 100vw, 300px\" \/>\t\t\t\t\t\t\t\t\t\t\t\t\t\t\t<\/div>\n\t\t\t\t<\/div>\n\t\t\t\t<\/div>\n\t\t<div class=\"elementor-element elementor-element-27a9630 e-con-full e-flex e-con e-child\" data-id=\"27a9630\" data-element_type=\"container\" data-e-type=\"container\">\n\t\t\t\t<div class=\"elementor-element elementor-element-5836f2c elementor-widget elementor-widget-heading\" data-id=\"5836f2c\" data-element_type=\"widget\" data-e-type=\"widget\" data-widget_type=\"heading.default\">\n\t\t\t\t<div class=\"elementor-widget-container\">\n\t\t\t\t\t<h2 class=\"elementor-heading-title elementor-size-default\">Di\u00e1rio de Viseu | 30 mil lumin\u00e1rias LED \u201caceleram\u201d a transi\u00e7\u00e3o energ\u00e9tica nas escolas<\/h2>\t\t\t\t<\/div>\n\t\t\t\t<\/div>\n\t\t\t\t<div class=\"elementor-element elementor-element-f71e735 elementor-widget elementor-widget-text-editor\" data-id=\"f71e735\" data-element_type=\"widget\" data-e-type=\"widget\" data-widget_type=\"text-editor.default\">\n\t\t\t\t<div class=\"elementor-widget-container\">\n\t\t\t\t\t\t\t\t\t<p data-pm-slice=\"0 0 []\">Cerca de 30 mil lumin\u00e1rias fluorescentes T8 foram substitu\u00eddas por tecnologia LED em 70 escolas de ensino profissional de Portugal continental e ilhas, no \u00e2mbito do programa LED@ESCOLAS, promovido pela ANESPO \u2013 Associa\u00e7\u00e3o Nacional de Escolas Profissionais e pela AEEP \u2013 Associa\u00e7\u00e3o de Estabelecimentos de Ensino Particular e Cooperativo.<\/p>\t\t\t\t\t\t\t\t<\/div>\n\t\t\t\t<\/div>\n\t\t\t\t<div class=\"elementor-element elementor-element-2bbaf8c elementor-mobile-align-center elementor-align-left elementor-invisible elementor-widget elementor-widget-button\" data-id=\"2bbaf8c\" data-element_type=\"widget\" data-e-type=\"widget\" data-settings=\"{&quot;_animation&quot;:&quot;fadeInDown&quot;}\" data-widget_type=\"button.default\">\n\t\t\t\t<div class=\"elementor-widget-container\">\n\t\t\t\t\t\t\t\t\t<div class=\"elementor-button-wrapper\">\n\t\t\t\t\t<a class=\"elementor-button elementor-button-link elementor-size-sm\" href=\"https:\/\/pt.cision.com\/cp\/ClippingDetails.aspx?id=32faf4be-778f-4a79-8334-8a4854aa7070&#038;analises=1\" target=\"_blank\">\n\t\t\t\t\t\t<span class=\"elementor-button-content-wrapper\">\n\t\t\t\t\t\t\t\t\t<span class=\"elementor-button-text\">Saber mais<\/span>\n\t\t\t\t\t<\/span>\n\t\t\t\t\t<\/a>\n\t\t\t\t<\/div>\n\t\t\t\t\t\t\t\t<\/div>\n\t\t\t\t<\/div>\n\t\t\t\t<\/div>\n\t\t\t\t<\/div>\n\t\t<div class=\"elementor-element elementor-element-4dc0d30 e-con-full elementor-hidden-desktop elementor-hidden-tablet e-flex e-con e-parent\" data-id=\"4dc0d30\" data-element_type=\"container\" data-e-type=\"container\">\n\t\t<div class=\"elementor-element elementor-element-8e18b46 e-con-full e-flex e-con e-child\" data-id=\"8e18b46\" data-element_type=\"container\" data-e-type=\"container\">\n\t\t\t\t<div class=\"elementor-element elementor-element-74b48be elementor-hidden-mobile elementor-widget elementor-widget-image\" data-id=\"74b48be\" data-element_type=\"widget\" data-e-type=\"widget\" data-widget_type=\"image.default\">\n\t\t\t\t<div class=\"elementor-widget-container\">\n\t\t\t\t\t\t\t\t\t\t\t\t\t\t\t<img loading=\"lazy\" decoding=\"async\" width=\"300\" height=\"212\" src=\"https:\/\/ledescolas.info\/wp-content\/uploads\/2026\/01\/Diario-de-Viseu-300x212.jpg\" class=\"attachment-medium size-medium wp-image-1033\" alt=\"\" srcset=\"https:\/\/ledescolas.info\/wp-content\/uploads\/2026\/01\/Diario-de-Viseu-300x212.jpg 300w, https:\/\/ledescolas.info\/wp-content\/uploads\/2026\/01\/Diario-de-Viseu.jpg 629w\" sizes=\"(max-width: 300px) 100vw, 300px\" \/>\t\t\t\t\t\t\t\t\t\t\t\t\t\t\t<\/div>\n\t\t\t\t<\/div>\n\t\t\t\t<\/div>\n\t\t<div class=\"elementor-element elementor-element-0e0dc24 e-con-full e-flex e-con e-child\" data-id=\"0e0dc24\" data-element_type=\"container\" data-e-type=\"container\">\n\t\t\t\t<div class=\"elementor-element elementor-element-d63d2b7 elementor-widget elementor-widget-heading\" data-id=\"d63d2b7\" data-element_type=\"widget\" data-e-type=\"widget\" data-widget_type=\"heading.default\">\n\t\t\t\t<div class=\"elementor-widget-container\">\n\t\t\t\t\t<h2 class=\"elementor-heading-title elementor-size-default\">Di\u00e1rio de Viseu | 30 mil lumin\u00e1rias LED \u201caceleram\u201d a transi\u00e7\u00e3o energ\u00e9tica nas escolas<\/h2>\t\t\t\t<\/div>\n\t\t\t\t<\/div>\n\t\t\t\t<div class=\"elementor-element elementor-element-e879044 elementor-widget elementor-widget-text-editor\" data-id=\"e879044\" data-element_type=\"widget\" data-e-type=\"widget\" data-widget_type=\"text-editor.default\">\n\t\t\t\t<div class=\"elementor-widget-container\">\n\t\t\t\t\t\t\t\t\t<p data-pm-slice=\"0 0 []\">Cerca de 30 mil lumin\u00e1rias fluorescentes T8 foram substitu\u00eddas por tecnologia LED em 70 escolas de ensino profissional de Portugal continental e ilhas, no \u00e2mbito do programa LED@ESCOLAS, promovido pela ANESPO \u2013 Associa\u00e7\u00e3o Nacional de Escolas Profissionais e pela AEEP \u2013 Associa\u00e7\u00e3o de Estabelecimentos de Ensino Particular e Cooperativo.<\/p>\t\t\t\t\t\t\t\t<\/div>\n\t\t\t\t<\/div>\n\t\t\t\t<div class=\"elementor-element elementor-element-4a236d7 elementor-mobile-align-center elementor-align-left elementor-invisible elementor-widget elementor-widget-button\" data-id=\"4a236d7\" data-element_type=\"widget\" data-e-type=\"widget\" data-settings=\"{&quot;_animation&quot;:&quot;fadeInDown&quot;}\" data-widget_type=\"button.default\">\n\t\t\t\t<div class=\"elementor-widget-container\">\n\t\t\t\t\t\t\t\t\t<div class=\"elementor-button-wrapper\">\n\t\t\t\t\t<a class=\"elementor-button elementor-button-link elementor-size-sm\" href=\"https:\/\/pt.cision.com\/cp\/ClippingDetails.aspx?id=32faf4be-778f-4a79-8334-8a4854aa7070&#038;analises=1\" target=\"_blank\">\n\t\t\t\t\t\t<span class=\"elementor-button-content-wrapper\">\n\t\t\t\t\t\t\t\t\t<span class=\"elementor-button-text\">Saber mais<\/span>\n\t\t\t\t\t<\/span>\n\t\t\t\t\t<\/a>\n\t\t\t\t<\/div>\n\t\t\t\t\t\t\t\t<\/div>\n\t\t\t\t<\/div>\n\t\t\t\t<\/div>\n\t\t\t\t<\/div>\n\t\t<div class=\"elementor-element elementor-element-9ee5863 e-con-full elementor-hidden-desktop elementor-hidden-tablet e-flex e-con e-parent\" data-id=\"9ee5863\" data-element_type=\"container\" data-e-type=\"container\">\n\t\t<div class=\"elementor-element elementor-element-7197e6f e-con-full e-flex e-con e-child\" data-id=\"7197e6f\" data-element_type=\"container\" data-e-type=\"container\">\n\t\t\t\t<div class=\"elementor-element elementor-element-36cd7bb elementor-widget elementor-widget-image\" data-id=\"36cd7bb\" data-element_type=\"widget\" data-e-type=\"widget\" data-widget_type=\"image.default\">\n\t\t\t\t<div class=\"elementor-widget-container\">\n\t\t\t\t\t\t\t\t\t\t\t\t\t\t\t<img loading=\"lazy\" decoding=\"async\" width=\"300\" height=\"225\" src=\"https:\/\/ledescolas.info\/wp-content\/uploads\/2026\/01\/Lampada-546x410-1-300x225.jpg\" class=\"attachment-medium size-medium wp-image-1024\" alt=\"\" srcset=\"https:\/\/ledescolas.info\/wp-content\/uploads\/2026\/01\/Lampada-546x410-1-300x225.jpg 300w, https:\/\/ledescolas.info\/wp-content\/uploads\/2026\/01\/Lampada-546x410-1.webp 546w\" sizes=\"(max-width: 300px) 100vw, 300px\" \/>\t\t\t\t\t\t\t\t\t\t\t\t\t\t\t<\/div>\n\t\t\t\t<\/div>\n\t\t\t\t<\/div>\n\t\t<div class=\"elementor-element elementor-element-6fc7e05 e-con-full e-flex e-con e-child\" data-id=\"6fc7e05\" data-element_type=\"container\" data-e-type=\"container\">\n\t\t\t\t<div class=\"elementor-element elementor-element-4fc4a62 elementor-widget elementor-widget-heading\" data-id=\"4fc4a62\" data-element_type=\"widget\" data-e-type=\"widget\" data-widget_type=\"heading.default\">\n\t\t\t\t<div class=\"elementor-widget-container\">\n\t\t\t\t\t<h2 class=\"elementor-heading-title elementor-size-default\">Sapo destaca impacto do Led@Escolas a n\u00edvel nacional<\/h2>\t\t\t\t<\/div>\n\t\t\t\t<\/div>\n\t\t\t\t<div class=\"elementor-element elementor-element-5b3716f elementor-widget elementor-widget-text-editor\" data-id=\"5b3716f\" data-element_type=\"widget\" data-e-type=\"widget\" data-widget_type=\"text-editor.default\">\n\t\t\t\t<div class=\"elementor-widget-container\">\n\t\t\t\t\t\t\t\t\t<p data-pm-slice=\"0 0 []\">O website informativo destacou o impacto do projeto a n\u00edvel nacional, com a instala\u00e7\u00e3o de 30 mil lumin\u00e1rias LED aceleram a transi\u00e7\u00e3o energ\u00e9tica em 70 escolas<\/p>\t\t\t\t\t\t\t\t<\/div>\n\t\t\t\t<\/div>\n\t\t\t\t<div class=\"elementor-element elementor-element-1d667fb elementor-mobile-align-center elementor-align-left elementor-invisible elementor-widget elementor-widget-button\" data-id=\"1d667fb\" data-element_type=\"widget\" data-e-type=\"widget\" data-settings=\"{&quot;_animation&quot;:&quot;fadeInDown&quot;}\" data-widget_type=\"button.default\">\n\t\t\t\t<div class=\"elementor-widget-container\">\n\t\t\t\t\t\t\t\t\t<div class=\"elementor-button-wrapper\">\n\t\t\t\t\t<a class=\"elementor-button elementor-button-link elementor-size-sm\" href=\"https:\/\/greensavers.sapo.pt\/30-mil-luminarias-led-aceleram-a-transicao-energetica-em-70-escolas\/\" target=\"_blank\">\n\t\t\t\t\t\t<span class=\"elementor-button-content-wrapper\">\n\t\t\t\t\t\t\t\t\t<span class=\"elementor-button-text\">Saber mais<\/span>\n\t\t\t\t\t<\/span>\n\t\t\t\t\t<\/a>\n\t\t\t\t<\/div>\n\t\t\t\t\t\t\t\t<\/div>\n\t\t\t\t<\/div>\n\t\t\t\t<\/div>\n\t\t\t\t<\/div>\n\t\t<div class=\"elementor-element elementor-element-9f94d12 e-con-full elementor-hidden-mobile e-flex e-con e-parent\" data-id=\"9f94d12\" data-element_type=\"container\" data-e-type=\"container\">\n\t\t<div class=\"elementor-element elementor-element-977bc91 e-con-full e-flex e-con e-child\" data-id=\"977bc91\" data-element_type=\"container\" data-e-type=\"container\">\n\t\t\t\t<div class=\"elementor-element elementor-element-30136f6 elementor-widget elementor-widget-image\" data-id=\"30136f6\" data-element_type=\"widget\" data-e-type=\"widget\" data-widget_type=\"image.default\">\n\t\t\t\t<div class=\"elementor-widget-container\">\n\t\t\t\t\t\t\t\t\t\t\t\t\t\t\t<img loading=\"lazy\" decoding=\"async\" width=\"300\" height=\"225\" src=\"https:\/\/ledescolas.info\/wp-content\/uploads\/2026\/01\/Lampada-546x410-1-300x225.jpg\" class=\"attachment-medium size-medium wp-image-1024\" alt=\"\" srcset=\"https:\/\/ledescolas.info\/wp-content\/uploads\/2026\/01\/Lampada-546x410-1-300x225.jpg 300w, https:\/\/ledescolas.info\/wp-content\/uploads\/2026\/01\/Lampada-546x410-1.webp 546w\" sizes=\"(max-width: 300px) 100vw, 300px\" \/>\t\t\t\t\t\t\t\t\t\t\t\t\t\t\t<\/div>\n\t\t\t\t<\/div>\n\t\t\t\t<\/div>\n\t\t<div class=\"elementor-element elementor-element-038996e e-con-full e-flex e-con e-child\" data-id=\"038996e\" data-element_type=\"container\" data-e-type=\"container\">\n\t\t\t\t<div class=\"elementor-element elementor-element-1402f98 elementor-widget elementor-widget-heading\" data-id=\"1402f98\" data-element_type=\"widget\" data-e-type=\"widget\" data-widget_type=\"heading.default\">\n\t\t\t\t<div class=\"elementor-widget-container\">\n\t\t\t\t\t<h2 class=\"elementor-heading-title elementor-size-default\">Sapo destaca impacto do Led@Escolas a n\u00edvel nacional<\/h2>\t\t\t\t<\/div>\n\t\t\t\t<\/div>\n\t\t\t\t<div class=\"elementor-element elementor-element-de93065 elementor-widget elementor-widget-text-editor\" data-id=\"de93065\" data-element_type=\"widget\" data-e-type=\"widget\" data-widget_type=\"text-editor.default\">\n\t\t\t\t<div class=\"elementor-widget-container\">\n\t\t\t\t\t\t\t\t\t<p data-pm-slice=\"0 0 []\">O website informativo destacou o impacto do projeto a n\u00edvel nacional, com a instala\u00e7\u00e3o de 30 mil lumin\u00e1rias LED aceleram a transi\u00e7\u00e3o energ\u00e9tica em 70 escolas<\/p>\t\t\t\t\t\t\t\t<\/div>\n\t\t\t\t<\/div>\n\t\t\t\t<div class=\"elementor-element elementor-element-efd6fa2 elementor-mobile-align-center elementor-align-left elementor-invisible elementor-widget elementor-widget-button\" data-id=\"efd6fa2\" data-element_type=\"widget\" data-e-type=\"widget\" data-settings=\"{&quot;_animation&quot;:&quot;fadeInDown&quot;}\" data-widget_type=\"button.default\">\n\t\t\t\t<div class=\"elementor-widget-container\">\n\t\t\t\t\t\t\t\t\t<div class=\"elementor-button-wrapper\">\n\t\t\t\t\t<a class=\"elementor-button elementor-button-link elementor-size-sm\" href=\"https:\/\/greensavers.sapo.pt\/30-mil-luminarias-led-aceleram-a-transicao-energetica-em-70-escolas\/\" target=\"_blank\">\n\t\t\t\t\t\t<span class=\"elementor-button-content-wrapper\">\n\t\t\t\t\t\t\t\t\t<span class=\"elementor-button-text\">Saber mais<\/span>\n\t\t\t\t\t<\/span>\n\t\t\t\t\t<\/a>\n\t\t\t\t<\/div>\n\t\t\t\t\t\t\t\t<\/div>\n\t\t\t\t<\/div>\n\t\t\t\t<\/div>\n\t\t\t\t<\/div>\n\t\t<div class=\"elementor-element elementor-element-3c46bb2 e-con-full elementor-hidden-mobile e-flex e-con e-parent\" data-id=\"3c46bb2\" data-element_type=\"container\" data-e-type=\"container\">\n\t\t<div class=\"elementor-element elementor-element-cb03b91 e-con-full e-flex e-con e-child\" data-id=\"cb03b91\" data-element_type=\"container\" data-e-type=\"container\">\n\t\t\t\t<div class=\"elementor-element elementor-element-3b014ee elementor-widget elementor-widget-image\" data-id=\"3b014ee\" data-element_type=\"widget\" data-e-type=\"widget\" data-widget_type=\"image.default\">\n\t\t\t\t<div class=\"elementor-widget-container\">\n\t\t\t\t\t\t\t\t\t\t\t\t\t\t\t<img loading=\"lazy\" decoding=\"async\" width=\"300\" height=\"300\" src=\"https:\/\/ledescolas.info\/wp-content\/uploads\/2025\/07\/Design-sem-nome-1-min-1.webp\" class=\"attachment-medium size-medium wp-image-353\" alt=\"\" srcset=\"https:\/\/ledescolas.info\/wp-content\/uploads\/2025\/07\/Design-sem-nome-1-min-1.webp 300w, https:\/\/ledescolas.info\/wp-content\/uploads\/2025\/07\/Design-sem-nome-1-min-1-150x150.webp 150w\" sizes=\"(max-width: 300px) 100vw, 300px\" \/>\t\t\t\t\t\t\t\t\t\t\t\t\t\t\t<\/div>\n\t\t\t\t<\/div>\n\t\t\t\t<\/div>\n\t\t<div class=\"elementor-element elementor-element-7b73f3b e-con-full e-flex e-con e-child\" data-id=\"7b73f3b\" data-element_type=\"container\" data-e-type=\"container\">\n\t\t\t\t<div class=\"elementor-element elementor-element-5046a7e elementor-widget elementor-widget-heading\" data-id=\"5046a7e\" data-element_type=\"widget\" data-e-type=\"widget\" data-widget_type=\"heading.default\">\n\t\t\t\t<div class=\"elementor-widget-container\">\n\t\t\t\t\t<h2 class=\"elementor-heading-title elementor-size-default\">Aluna vencedora do Concurso de Ideias em destaque na Defesa de Espinho<\/h2>\t\t\t\t<\/div>\n\t\t\t\t<\/div>\n\t\t\t\t<div class=\"elementor-element elementor-element-3ca5bae elementor-widget elementor-widget-text-editor\" data-id=\"3ca5bae\" data-element_type=\"widget\" data-e-type=\"widget\" data-widget_type=\"text-editor.default\">\n\t\t\t\t<div class=\"elementor-widget-container\">\n\t\t\t\t\t\t\t\t\t<p>O Seman\u00e1rio Generalista Independente &#8220;<strong>Defesa de Espinho<\/strong>&#8220;, publicou um publicando um artigo na vers\u00e3o impressa e online, dando destaque \u00e0 aluna<strong> Beatriz Carvalho, da Escola Profissional de Espinho (ESPE)<\/strong>, por se ter sagrado vencedora da Categoria 1 &#8211; Marca do Projeto<\/p>\t\t\t\t\t\t\t\t<\/div>\n\t\t\t\t<\/div>\n\t\t\t\t<div class=\"elementor-element elementor-element-67d20b1 elementor-mobile-align-center elementor-align-left elementor-invisible elementor-widget elementor-widget-button\" data-id=\"67d20b1\" data-element_type=\"widget\" data-e-type=\"widget\" data-settings=\"{&quot;_animation&quot;:&quot;fadeInDown&quot;}\" data-widget_type=\"button.default\">\n\t\t\t\t<div class=\"elementor-widget-container\">\n\t\t\t\t\t\t\t\t\t<div class=\"elementor-button-wrapper\">\n\t\t\t\t\t<a class=\"elementor-button elementor-button-link elementor-size-sm\" href=\"https:\/\/www.defesadeespinho.pt\/off\/aluna-da-espe-venceu-concurso-nacional-da-anespo\/\" target=\"_blank\">\n\t\t\t\t\t\t<span class=\"elementor-button-content-wrapper\">\n\t\t\t\t\t\t\t\t\t<span class=\"elementor-button-text\">Saber mais<\/span>\n\t\t\t\t\t<\/span>\n\t\t\t\t\t<\/a>\n\t\t\t\t<\/div>\n\t\t\t\t\t\t\t\t<\/div>\n\t\t\t\t<\/div>\n\t\t\t\t<\/div>\n\t\t\t\t<\/div>\n\t\t<div class=\"elementor-element elementor-element-ab02a1e e-con-full elementor-hidden-desktop elementor-hidden-tablet e-flex e-con e-parent\" data-id=\"ab02a1e\" data-element_type=\"container\" data-e-type=\"container\">\n\t\t<div class=\"elementor-element elementor-element-795ab11 e-con-full e-flex e-con e-child\" data-id=\"795ab11\" data-element_type=\"container\" data-e-type=\"container\">\n\t\t\t\t<div class=\"elementor-element elementor-element-fd17085 elementor-widget elementor-widget-image\" data-id=\"fd17085\" data-element_type=\"widget\" data-e-type=\"widget\" data-widget_type=\"image.default\">\n\t\t\t\t<div class=\"elementor-widget-container\">\n\t\t\t\t\t\t\t\t\t\t\t\t\t\t\t<img loading=\"lazy\" decoding=\"async\" width=\"300\" height=\"300\" src=\"https:\/\/ledescolas.info\/wp-content\/uploads\/2025\/07\/Design-sem-nome-1-min-1.webp\" class=\"attachment-medium size-medium wp-image-353\" alt=\"\" srcset=\"https:\/\/ledescolas.info\/wp-content\/uploads\/2025\/07\/Design-sem-nome-1-min-1.webp 300w, https:\/\/ledescolas.info\/wp-content\/uploads\/2025\/07\/Design-sem-nome-1-min-1-150x150.webp 150w\" sizes=\"(max-width: 300px) 100vw, 300px\" \/>\t\t\t\t\t\t\t\t\t\t\t\t\t\t\t<\/div>\n\t\t\t\t<\/div>\n\t\t\t\t<\/div>\n\t\t<div class=\"elementor-element elementor-element-73f369e e-con-full e-flex e-con e-child\" data-id=\"73f369e\" data-element_type=\"container\" data-e-type=\"container\">\n\t\t\t\t<div class=\"elementor-element elementor-element-0ee0df0 elementor-hidden-desktop elementor-hidden-tablet elementor-widget elementor-widget-heading\" data-id=\"0ee0df0\" data-element_type=\"widget\" data-e-type=\"widget\" data-widget_type=\"heading.default\">\n\t\t\t\t<div class=\"elementor-widget-container\">\n\t\t\t\t\t<h2 class=\"elementor-heading-title elementor-size-default\">Aluna vencedora do Concurso de Ideias em destaque na Defesa de Espinho<\/h2>\t\t\t\t<\/div>\n\t\t\t\t<\/div>\n\t\t\t\t<div class=\"elementor-element elementor-element-a850a1a elementor-widget elementor-widget-text-editor\" data-id=\"a850a1a\" data-element_type=\"widget\" data-e-type=\"widget\" data-widget_type=\"text-editor.default\">\n\t\t\t\t<div class=\"elementor-widget-container\">\n\t\t\t\t\t\t\t\t\t<p>O Seman\u00e1rio Generalista Independente &#8220;<strong>Defesa de Espinho<\/strong>&#8220;, publicou um publicando um artigo na vers\u00e3o impressa e online, dando destaque \u00e0 aluna<strong> Beatriz Carvalho, da Escola Profissional de Espinho (ESPE)<\/strong>, por se ter sagrado vencedora da Categoria 1 &#8211; Marca do Projeto<\/p>\t\t\t\t\t\t\t\t<\/div>\n\t\t\t\t<\/div>\n\t\t\t\t<div class=\"elementor-element elementor-element-49b7dfd elementor-mobile-align-center elementor-align-left elementor-invisible elementor-widget elementor-widget-button\" data-id=\"49b7dfd\" data-element_type=\"widget\" data-e-type=\"widget\" data-settings=\"{&quot;_animation&quot;:&quot;fadeInDown&quot;}\" data-widget_type=\"button.default\">\n\t\t\t\t<div class=\"elementor-widget-container\">\n\t\t\t\t\t\t\t\t\t<div class=\"elementor-button-wrapper\">\n\t\t\t\t\t<a class=\"elementor-button elementor-button-link elementor-size-sm\" href=\"https:\/\/www.defesadeespinho.pt\/off\/aluna-da-espe-venceu-concurso-nacional-da-anespo\/\" target=\"_blank\">\n\t\t\t\t\t\t<span class=\"elementor-button-content-wrapper\">\n\t\t\t\t\t\t\t\t\t<span class=\"elementor-button-text\">Saber mais<\/span>\n\t\t\t\t\t<\/span>\n\t\t\t\t\t<\/a>\n\t\t\t\t<\/div>\n\t\t\t\t\t\t\t\t<\/div>\n\t\t\t\t<\/div>\n\t\t\t\t<\/div>\n\t\t\t\t<\/div>\n\t\t<div class=\"elementor-element elementor-element-46a0cca e-flex e-con-boxed e-con e-parent\" data-id=\"46a0cca\" data-element_type=\"container\" data-e-type=\"container\">\n\t\t\t\t\t<div class=\"e-con-inner\">\n\t\t\t\t<div class=\"elementor-element elementor-element-dc60ddc elementor-widget elementor-widget-spacer\" data-id=\"dc60ddc\" data-element_type=\"widget\" data-e-type=\"widget\" data-widget_type=\"spacer.default\">\n\t\t\t\t<div class=\"elementor-widget-container\">\n\t\t\t\t\t\t\t<div class=\"elementor-spacer\">\n\t\t\t<div class=\"elementor-spacer-inner\"><\/div>\n\t\t<\/div>\n\t\t\t\t\t\t<\/div>\n\t\t\t\t<\/div>\n\t\t\t\t\t<\/div>\n\t\t\t\t<\/div>\n\t\t<div class=\"elementor-element elementor-element-c42b78c e-con-full elementor-hidden-mobile e-flex e-con e-parent\" data-id=\"c42b78c\" data-element_type=\"container\" data-e-type=\"container\">\n\t\t<div class=\"elementor-element elementor-element-f7f165a e-con-full e-flex e-con e-child\" data-id=\"f7f165a\" data-element_type=\"container\" data-e-type=\"container\">\n\t\t\t\t<div class=\"elementor-element elementor-element-ce8397f elementor-widget elementor-widget-image\" data-id=\"ce8397f\" data-element_type=\"widget\" data-e-type=\"widget\" data-widget_type=\"image.default\">\n\t\t\t\t<div class=\"elementor-widget-container\">\n\t\t\t\t\t\t\t\t\t\t\t\t\t\t\t<img loading=\"lazy\" decoding=\"async\" width=\"300\" height=\"300\" src=\"https:\/\/ledescolas.info\/wp-content\/uploads\/2025\/07\/Design-sem-nome-2-min.png\" class=\"attachment-medium size-medium wp-image-359\" alt=\"\" srcset=\"https:\/\/ledescolas.info\/wp-content\/uploads\/2025\/07\/Design-sem-nome-2-min.png 300w, https:\/\/ledescolas.info\/wp-content\/uploads\/2025\/07\/Design-sem-nome-2-min-150x150.png 150w\" sizes=\"(max-width: 300px) 100vw, 300px\" \/>\t\t\t\t\t\t\t\t\t\t\t\t\t\t\t<\/div>\n\t\t\t\t<\/div>\n\t\t\t\t<\/div>\n\t\t<div class=\"elementor-element elementor-element-a490a73 e-con-full e-flex e-con e-child\" data-id=\"a490a73\" data-element_type=\"container\" data-e-type=\"container\">\n\t\t\t\t<div class=\"elementor-element elementor-element-868233d elementor-widget elementor-widget-heading\" data-id=\"868233d\" data-element_type=\"widget\" data-e-type=\"widget\" data-widget_type=\"heading.default\">\n\t\t\t\t<div class=\"elementor-widget-container\">\n\t\t\t\t\t<h2 class=\"elementor-heading-title elementor-size-default\">Escola Profissional de Espinho real\u00e7a participa\u00e7\u00e3o no LED@Escolas <\/h2>\t\t\t\t<\/div>\n\t\t\t\t<\/div>\n\t\t\t\t<div class=\"elementor-element elementor-element-57fb0ee elementor-widget elementor-widget-text-editor\" data-id=\"57fb0ee\" data-element_type=\"widget\" data-e-type=\"widget\" data-widget_type=\"text-editor.default\">\n\t\t\t\t<div class=\"elementor-widget-container\">\n\t\t\t\t\t\t\t\t\t<p>A Escola Profissional de Espinho publicou um artigo no seu website para destacar a vit\u00f3ria da aluna Beatriz Carvalho, do curso de T\u00e9cnico\/a de Vendas e Marketing, na <strong data-start=\"238\" data-end=\"272\">Categoria 1 \u2013 Marca do Projeto<\/strong>. O destaque estendeu-se tamb\u00e9m aos alunos Ana J\u00falia Corr\u00eaa e Jo\u00e3o Rocha, do mesmo curso, que receberam <strong data-start=\"375\" data-end=\"395\">Men\u00e7\u00f5es Honrosas<\/strong> pelo excelente desempenho demonstrado no concurso.<\/p>\t\t\t\t\t\t\t\t<\/div>\n\t\t\t\t<\/div>\n\t\t\t\t<div class=\"elementor-element elementor-element-1d92068 elementor-mobile-align-center elementor-align-left elementor-invisible elementor-widget elementor-widget-button\" data-id=\"1d92068\" data-element_type=\"widget\" data-e-type=\"widget\" data-settings=\"{&quot;_animation&quot;:&quot;fadeInDown&quot;}\" data-widget_type=\"button.default\">\n\t\t\t\t<div class=\"elementor-widget-container\">\n\t\t\t\t\t\t\t\t\t<div class=\"elementor-button-wrapper\">\n\t\t\t\t\t<a class=\"elementor-button elementor-button-link elementor-size-sm\" href=\"https:\/\/espe.pt\/ledescolas\/\" target=\"_blank\">\n\t\t\t\t\t\t<span class=\"elementor-button-content-wrapper\">\n\t\t\t\t\t\t\t\t\t<span class=\"elementor-button-text\">Saber mais<\/span>\n\t\t\t\t\t<\/span>\n\t\t\t\t\t<\/a>\n\t\t\t\t<\/div>\n\t\t\t\t\t\t\t\t<\/div>\n\t\t\t\t<\/div>\n\t\t\t\t<\/div>\n\t\t\t\t<\/div>\n\t\t<div class=\"elementor-element elementor-element-be2078f e-con-full elementor-hidden-desktop elementor-hidden-tablet e-flex e-con e-parent\" data-id=\"be2078f\" data-element_type=\"container\" data-e-type=\"container\">\n\t\t<div class=\"elementor-element elementor-element-45e6469 e-con-full e-flex e-con e-child\" data-id=\"45e6469\" data-element_type=\"container\" data-e-type=\"container\">\n\t\t\t\t<div class=\"elementor-element elementor-element-49ffdb6 elementor-widget elementor-widget-image\" data-id=\"49ffdb6\" data-element_type=\"widget\" data-e-type=\"widget\" data-widget_type=\"image.default\">\n\t\t\t\t<div class=\"elementor-widget-container\">\n\t\t\t\t\t\t\t\t\t\t\t\t\t\t\t<img loading=\"lazy\" decoding=\"async\" width=\"300\" height=\"300\" src=\"https:\/\/ledescolas.info\/wp-content\/uploads\/2025\/07\/Design-sem-nome-2-min.png\" class=\"attachment-medium size-medium wp-image-359\" alt=\"\" srcset=\"https:\/\/ledescolas.info\/wp-content\/uploads\/2025\/07\/Design-sem-nome-2-min.png 300w, https:\/\/ledescolas.info\/wp-content\/uploads\/2025\/07\/Design-sem-nome-2-min-150x150.png 150w\" sizes=\"(max-width: 300px) 100vw, 300px\" \/>\t\t\t\t\t\t\t\t\t\t\t\t\t\t\t<\/div>\n\t\t\t\t<\/div>\n\t\t\t\t<\/div>\n\t\t<div class=\"elementor-element elementor-element-170a2c3 e-con-full e-flex e-con e-child\" data-id=\"170a2c3\" data-element_type=\"container\" data-e-type=\"container\">\n\t\t\t\t<div class=\"elementor-element elementor-element-b37ab9d elementor-widget elementor-widget-heading\" data-id=\"b37ab9d\" data-element_type=\"widget\" data-e-type=\"widget\" data-widget_type=\"heading.default\">\n\t\t\t\t<div class=\"elementor-widget-container\">\n\t\t\t\t\t<h2 class=\"elementor-heading-title elementor-size-default\">Escola Profissional de Espinho real\u00e7a participa\u00e7\u00e3o no LED@Escolas <\/h2>\t\t\t\t<\/div>\n\t\t\t\t<\/div>\n\t\t\t\t<div class=\"elementor-element elementor-element-e3bef88 elementor-widget elementor-widget-text-editor\" data-id=\"e3bef88\" data-element_type=\"widget\" data-e-type=\"widget\" data-widget_type=\"text-editor.default\">\n\t\t\t\t<div class=\"elementor-widget-container\">\n\t\t\t\t\t\t\t\t\t<p>A Escola Profissional de Espinho publicou um artigo no seu website para destacar a vit\u00f3ria da aluna Beatriz Carvalho, do curso de T\u00e9cnico\/a de Vendas e Marketing, na <strong data-start=\"238\" data-end=\"272\">Categoria 1 \u2013 Marca do Projeto<\/strong>. O destaque estendeu-se tamb\u00e9m aos alunos Ana J\u00falia Corr\u00eaa e Jo\u00e3o Rocha, do mesmo curso, que receberam <strong data-start=\"375\" data-end=\"395\">Men\u00e7\u00f5es Honrosas<\/strong> pelo excelente desempenho demonstrado no concurso.<\/p>\t\t\t\t\t\t\t\t<\/div>\n\t\t\t\t<\/div>\n\t\t\t\t<div class=\"elementor-element elementor-element-d41fab0 elementor-mobile-align-center elementor-align-left elementor-invisible elementor-widget elementor-widget-button\" data-id=\"d41fab0\" data-element_type=\"widget\" data-e-type=\"widget\" data-settings=\"{&quot;_animation&quot;:&quot;fadeInDown&quot;}\" data-widget_type=\"button.default\">\n\t\t\t\t<div class=\"elementor-widget-container\">\n\t\t\t\t\t\t\t\t\t<div class=\"elementor-button-wrapper\">\n\t\t\t\t\t<a class=\"elementor-button elementor-button-link elementor-size-sm\" href=\"https:\/\/espe.pt\/ledescolas\/\" target=\"_blank\">\n\t\t\t\t\t\t<span class=\"elementor-button-content-wrapper\">\n\t\t\t\t\t\t\t\t\t<span class=\"elementor-button-text\">Saber mais<\/span>\n\t\t\t\t\t<\/span>\n\t\t\t\t\t<\/a>\n\t\t\t\t<\/div>\n\t\t\t\t\t\t\t\t<\/div>\n\t\t\t\t<\/div>\n\t\t\t\t<\/div>\n\t\t\t\t<\/div>\n\t\t<div class=\"elementor-element elementor-element-8cc9cf1 e-flex e-con-boxed e-con e-parent\" data-id=\"8cc9cf1\" data-element_type=\"container\" data-e-type=\"container\">\n\t\t\t\t\t<div class=\"e-con-inner\">\n\t\t\t\t<div class=\"elementor-element elementor-element-d8a66a3 elementor-widget elementor-widget-spacer\" data-id=\"d8a66a3\" data-element_type=\"widget\" data-e-type=\"widget\" data-widget_type=\"spacer.default\">\n\t\t\t\t<div class=\"elementor-widget-container\">\n\t\t\t\t\t\t\t<div class=\"elementor-spacer\">\n\t\t\t<div class=\"elementor-spacer-inner\"><\/div>\n\t\t<\/div>\n\t\t\t\t\t\t<\/div>\n\t\t\t\t<\/div>\n\t\t\t\t\t<\/div>\n\t\t\t\t<\/div>\n\t\t<div class=\"elementor-element elementor-element-fad104b e-con-full elementor-hidden-mobile e-flex e-con e-parent\" data-id=\"fad104b\" data-element_type=\"container\" data-e-type=\"container\">\n\t\t<div class=\"elementor-element elementor-element-39d88a2 e-con-full e-flex e-con e-child\" data-id=\"39d88a2\" data-element_type=\"container\" data-e-type=\"container\">\n\t\t\t\t<div class=\"elementor-element elementor-element-66c86f4 elementor-widget elementor-widget-image\" data-id=\"66c86f4\" data-element_type=\"widget\" data-e-type=\"widget\" data-widget_type=\"image.default\">\n\t\t\t\t<div class=\"elementor-widget-container\">\n\t\t\t\t\t\t\t\t\t\t\t\t\t\t\t<img loading=\"lazy\" decoding=\"async\" width=\"300\" height=\"300\" src=\"https:\/\/ledescolas.info\/wp-content\/uploads\/2025\/07\/Design-sem-nome-2-min-1.webp\" class=\"attachment-medium size-medium wp-image-365\" alt=\"\" srcset=\"https:\/\/ledescolas.info\/wp-content\/uploads\/2025\/07\/Design-sem-nome-2-min-1.webp 300w, https:\/\/ledescolas.info\/wp-content\/uploads\/2025\/07\/Design-sem-nome-2-min-1-150x150.webp 150w\" sizes=\"(max-width: 300px) 100vw, 300px\" \/>\t\t\t\t\t\t\t\t\t\t\t\t\t\t\t<\/div>\n\t\t\t\t<\/div>\n\t\t\t\t<\/div>\n\t\t<div class=\"elementor-element elementor-element-f7dff15 e-con-full e-flex e-con e-child\" data-id=\"f7dff15\" data-element_type=\"container\" data-e-type=\"container\">\n\t\t\t\t<div class=\"elementor-element elementor-element-ae6ff87 elementor-widget elementor-widget-heading\" data-id=\"ae6ff87\" data-element_type=\"widget\" data-e-type=\"widget\" data-widget_type=\"heading.default\">\n\t\t\t\t<div class=\"elementor-widget-container\">\n\t\t\t\t\t<h2 class=\"elementor-heading-title elementor-size-default\">Escola do Com\u00e9rcio do Porto asssinala participa\u00e7\u00e3o no LED@Escolas<\/h2>\t\t\t\t<\/div>\n\t\t\t\t<\/div>\n\t\t\t\t<div class=\"elementor-element elementor-element-c66bd6d elementor-widget elementor-widget-text-editor\" data-id=\"c66bd6d\" data-element_type=\"widget\" data-e-type=\"widget\" data-widget_type=\"text-editor.default\">\n\t\t\t\t<div class=\"elementor-widget-container\">\n\t\t\t\t\t\t\t\t\t<p>A Escola do Com\u00e9rcio do Porto publicou um post nas suas redes sociais, destacando a vit\u00f3ria dos alunos Tiago Madureira e o Daniel Neves, do 11\u00ba ano do curso de Vendas e Marketing, que venceram a Categoria 2 \u2014 Layout da Homepage do Website &#8211; do Concurso de Ideias LED@Escolas &#8211; a qual serviu de inspira\u00e7\u00e3o para a cria\u00e7\u00e3o deste website.<\/p>\t\t\t\t\t\t\t\t<\/div>\n\t\t\t\t<\/div>\n\t\t\t\t<div class=\"elementor-element elementor-element-1f01991 elementor-mobile-align-center elementor-align-left elementor-invisible elementor-widget elementor-widget-button\" data-id=\"1f01991\" data-element_type=\"widget\" data-e-type=\"widget\" data-settings=\"{&quot;_animation&quot;:&quot;fadeInDown&quot;}\" data-widget_type=\"button.default\">\n\t\t\t\t<div class=\"elementor-widget-container\">\n\t\t\t\t\t\t\t\t\t<div class=\"elementor-button-wrapper\">\n\t\t\t\t\t<a class=\"elementor-button elementor-button-link elementor-size-sm\" href=\"https:\/\/ledescolas.info\/wp-content\/uploads\/2025\/07\/Landing-Page-2-min.pdf\" target=\"_blank\">\n\t\t\t\t\t\t<span class=\"elementor-button-content-wrapper\">\n\t\t\t\t\t\t\t\t\t<span class=\"elementor-button-text\">Ver proposta vencedora<\/span>\n\t\t\t\t\t<\/span>\n\t\t\t\t\t<\/a>\n\t\t\t\t<\/div>\n\t\t\t\t\t\t\t\t<\/div>\n\t\t\t\t<\/div>\n\t\t\t\t<\/div>\n\t\t\t\t<\/div>\n\t\t<div class=\"elementor-element elementor-element-1f25066 e-con-full elementor-hidden-desktop elementor-hidden-tablet e-flex e-con e-parent\" data-id=\"1f25066\" data-element_type=\"container\" data-e-type=\"container\">\n\t\t<div class=\"elementor-element elementor-element-742299c e-con-full e-flex e-con e-child\" data-id=\"742299c\" data-element_type=\"container\" data-e-type=\"container\">\n\t\t\t\t<div class=\"elementor-element elementor-element-895427c elementor-widget elementor-widget-image\" data-id=\"895427c\" data-element_type=\"widget\" data-e-type=\"widget\" data-widget_type=\"image.default\">\n\t\t\t\t<div class=\"elementor-widget-container\">\n\t\t\t\t\t\t\t\t\t\t\t\t\t\t\t<img loading=\"lazy\" decoding=\"async\" width=\"300\" height=\"300\" src=\"https:\/\/ledescolas.info\/wp-content\/uploads\/2025\/07\/Design-sem-nome-2-min-1.webp\" class=\"attachment-medium size-medium wp-image-365\" alt=\"\" srcset=\"https:\/\/ledescolas.info\/wp-content\/uploads\/2025\/07\/Design-sem-nome-2-min-1.webp 300w, https:\/\/ledescolas.info\/wp-content\/uploads\/2025\/07\/Design-sem-nome-2-min-1-150x150.webp 150w\" sizes=\"(max-width: 300px) 100vw, 300px\" \/>\t\t\t\t\t\t\t\t\t\t\t\t\t\t\t<\/div>\n\t\t\t\t<\/div>\n\t\t\t\t<\/div>\n\t\t<div class=\"elementor-element elementor-element-1caf6bc e-con-full e-flex e-con e-child\" data-id=\"1caf6bc\" data-element_type=\"container\" data-e-type=\"container\">\n\t\t\t\t<div class=\"elementor-element elementor-element-b4a6f24 elementor-widget elementor-widget-heading\" data-id=\"b4a6f24\" data-element_type=\"widget\" data-e-type=\"widget\" data-widget_type=\"heading.default\">\n\t\t\t\t<div class=\"elementor-widget-container\">\n\t\t\t\t\t<h2 class=\"elementor-heading-title elementor-size-default\">Escola do Com\u00e9rcio do Porto asssinala participa\u00e7\u00e3o no LED@Escolas<\/h2>\t\t\t\t<\/div>\n\t\t\t\t<\/div>\n\t\t\t\t<div class=\"elementor-element elementor-element-b459a63 elementor-widget elementor-widget-text-editor\" data-id=\"b459a63\" data-element_type=\"widget\" data-e-type=\"widget\" data-widget_type=\"text-editor.default\">\n\t\t\t\t<div class=\"elementor-widget-container\">\n\t\t\t\t\t\t\t\t\t<p>A Escola do Com\u00e9rcio do Porto publicou um post nas suas redes sociais, destacando a vit\u00f3ria dos alunos Tiago Madureira e o Daniel Neves, do 11\u00ba ano do curso de Vendas e Marketing, que venceram a Categoria 2 \u2014 Layout da Homepage do Website &#8211; do Concurso de Ideias LED@Escolas &#8211; a qual serviu de inspira\u00e7\u00e3o para a cria\u00e7\u00e3o deste website.<\/p>\t\t\t\t\t\t\t\t<\/div>\n\t\t\t\t<\/div>\n\t\t\t\t<div class=\"elementor-element elementor-element-f47eb5e elementor-mobile-align-center elementor-align-left elementor-invisible elementor-widget elementor-widget-button\" data-id=\"f47eb5e\" data-element_type=\"widget\" data-e-type=\"widget\" data-settings=\"{&quot;_animation&quot;:&quot;fadeInDown&quot;}\" data-widget_type=\"button.default\">\n\t\t\t\t<div class=\"elementor-widget-container\">\n\t\t\t\t\t\t\t\t\t<div class=\"elementor-button-wrapper\">\n\t\t\t\t\t<a class=\"elementor-button elementor-button-link elementor-size-sm\" href=\"https:\/\/ledescolas.info\/wp-content\/uploads\/2025\/07\/Landing-Page-2-min.pdf\" target=\"_blank\">\n\t\t\t\t\t\t<span class=\"elementor-button-content-wrapper\">\n\t\t\t\t\t\t\t\t\t<span class=\"elementor-button-text\">Ver proposta vencedora<\/span>\n\t\t\t\t\t<\/span>\n\t\t\t\t\t<\/a>\n\t\t\t\t<\/div>\n\t\t\t\t\t\t\t\t<\/div>\n\t\t\t\t<\/div>\n\t\t\t\t<\/div>\n\t\t\t\t<\/div>\n\t\t<div class=\"elementor-element elementor-element-783857f e-flex e-con-boxed e-con e-parent\" data-id=\"783857f\" data-element_type=\"container\" data-e-type=\"container\">\n\t\t\t\t\t<div class=\"e-con-inner\">\n\t\t\t\t<div class=\"elementor-element elementor-element-dca89a4 elementor-widget elementor-widget-menu-anchor\" data-id=\"dca89a4\" data-element_type=\"widget\" data-e-type=\"widget\" data-widget_type=\"menu-anchor.default\">\n\t\t\t\t<div class=\"elementor-widget-container\">\n\t\t\t\t\t\t\t<div class=\"elementor-menu-anchor\" id=\"Contactos\"><\/div>\n\t\t\t\t\t\t<\/div>\n\t\t\t\t<\/div>\n\t\t\t\t\t<\/div>\n\t\t\t\t<\/div>\n\t\t<div class=\"elementor-element elementor-element-1fc794f e-con-full elementor-hidden-mobile e-flex e-con e-parent\" data-id=\"1fc794f\" data-element_type=\"container\" data-e-type=\"container\" data-settings=\"{&quot;background_background&quot;:&quot;gradient&quot;}\">\n\t\t\t\t<div class=\"elementor-element elementor-element-73ba0c8 elementor-widget elementor-widget-heading\" data-id=\"73ba0c8\" data-element_type=\"widget\" data-e-type=\"widget\" data-widget_type=\"heading.default\">\n\t\t\t\t<div class=\"elementor-widget-container\">\n\t\t\t\t\t<h2 class=\"elementor-heading-title elementor-size-default\">Gostava de saber mais sobre o Projecto Led@Escolas?<\/h2>\t\t\t\t<\/div>\n\t\t\t\t<\/div>\n\t\t\t\t<div class=\"elementor-element elementor-element-bf0347a elementor-widget elementor-widget-heading\" data-id=\"bf0347a\" data-element_type=\"widget\" data-e-type=\"widget\" data-widget_type=\"heading.default\">\n\t\t\t\t<div class=\"elementor-widget-container\">\n\t\t\t\t\t<h5 class=\"elementor-heading-title elementor-size-default\">Entre em contacto com a ANESPO para esclarecer as suas quest\u00f5es<\/h5>\t\t\t\t<\/div>\n\t\t\t\t<\/div>\n\t\t\t\t<div class=\"elementor-element elementor-element-7d80856 elementor-mobile-align-center elementor-align-center elementor-invisible elementor-widget elementor-widget-button\" data-id=\"7d80856\" data-element_type=\"widget\" data-e-type=\"widget\" data-settings=\"{&quot;_animation&quot;:&quot;fadeInDown&quot;}\" data-widget_type=\"button.default\">\n\t\t\t\t<div class=\"elementor-widget-container\">\n\t\t\t\t\t\t\t\t\t<div class=\"elementor-button-wrapper\">\n\t\t\t\t\t<a class=\"elementor-button elementor-button-link elementor-size-sm\" href=\"mailto:geral@anespo.pt\" target=\"_blank\">\n\t\t\t\t\t\t<span class=\"elementor-button-content-wrapper\">\n\t\t\t\t\t\t\t\t\t<span class=\"elementor-button-text\">Enviar Email<\/span>\n\t\t\t\t\t<\/span>\n\t\t\t\t\t<\/a>\n\t\t\t\t<\/div>\n\t\t\t\t\t\t\t\t<\/div>\n\t\t\t\t<\/div>\n\t\t\t\t<\/div>\n\t\t<div class=\"elementor-element elementor-element-990ae92 e-con-full elementor-hidden-desktop elementor-hidden-tablet e-flex e-con e-parent\" data-id=\"990ae92\" data-element_type=\"container\" data-e-type=\"container\" data-settings=\"{&quot;background_background&quot;:&quot;gradient&quot;}\">\n\t\t\t\t<div class=\"elementor-element elementor-element-ec9f5a4 elementor-widget elementor-widget-heading\" data-id=\"ec9f5a4\" data-element_type=\"widget\" data-e-type=\"widget\" data-widget_type=\"heading.default\">\n\t\t\t\t<div class=\"elementor-widget-container\">\n\t\t\t\t\t<h2 class=\"elementor-heading-title elementor-size-default\">Gostava de saber mais sobre o Projecto Led@Escolas?<\/h2>\t\t\t\t<\/div>\n\t\t\t\t<\/div>\n\t\t\t\t<div class=\"elementor-element elementor-element-066ad2e elementor-widget elementor-widget-heading\" data-id=\"066ad2e\" data-element_type=\"widget\" data-e-type=\"widget\" data-widget_type=\"heading.default\">\n\t\t\t\t<div class=\"elementor-widget-container\">\n\t\t\t\t\t<h5 class=\"elementor-heading-title elementor-size-default\">Entre em contacto com a ANESPO para esclarecer as suas quest\u00f5es<\/h5>\t\t\t\t<\/div>\n\t\t\t\t<\/div>\n\t\t\t\t<div class=\"elementor-element elementor-element-ab083e8 elementor-mobile-align-center elementor-align-center elementor-invisible elementor-widget elementor-widget-button\" data-id=\"ab083e8\" data-element_type=\"widget\" data-e-type=\"widget\" data-settings=\"{&quot;_animation&quot;:&quot;fadeInDown&quot;}\" data-widget_type=\"button.default\">\n\t\t\t\t<div class=\"elementor-widget-container\">\n\t\t\t\t\t\t\t\t\t<div class=\"elementor-button-wrapper\">\n\t\t\t\t\t<a class=\"elementor-button elementor-button-link elementor-size-sm\" href=\"mailto:geral@anespo.pt\" target=\"_blank\">\n\t\t\t\t\t\t<span class=\"elementor-button-content-wrapper\">\n\t\t\t\t\t\t\t\t\t<span class=\"elementor-button-text\">Enviar Email<\/span>\n\t\t\t\t\t<\/span>\n\t\t\t\t\t<\/a>\n\t\t\t\t<\/div>\n\t\t\t\t\t\t\t\t<\/div>\n\t\t\t\t<\/div>\n\t\t\t\t<\/div>\n\t\t<div class=\"elementor-element elementor-element-d31062d elementor-hidden-mobile e-flex e-con-boxed e-con e-parent\" data-id=\"d31062d\" data-element_type=\"container\" data-e-type=\"container\">\n\t\t\t\t\t<div class=\"e-con-inner\">\n\t\t<div class=\"elementor-element elementor-element-4c8698b e-con-full e-flex e-con e-child\" data-id=\"4c8698b\" data-element_type=\"container\" data-e-type=\"container\">\n\t\t\t\t<div class=\"elementor-element elementor-element-465e5fb elementor-widget elementor-widget-image\" data-id=\"465e5fb\" data-element_type=\"widget\" data-e-type=\"widget\" data-widget_type=\"image.default\">\n\t\t\t\t<div class=\"elementor-widget-container\">\n\t\t\t\t\t\t\t\t\t\t\t\t<figure class=\"wp-caption\">\n\t\t\t\t\t\t\t\t\t\t<img loading=\"lazy\" decoding=\"async\" width=\"250\" height=\"100\" src=\"https:\/\/ledescolas.info\/wp-content\/uploads\/2025\/07\/cropped-cropped-Design-sem-nome.webp\" class=\"attachment-medium size-medium wp-image-191\" alt=\"\" \/>\t\t\t\t\t\t\t\t\t\t\t<figcaption class=\"widget-image-caption wp-caption-text\"><\/figcaption>\n\t\t\t\t\t\t\t\t\t\t<\/figure>\n\t\t\t\t\t\t\t\t\t<\/div>\n\t\t\t\t<\/div>\n\t\t\t\t<div class=\"elementor-element elementor-element-410f389 elementor-widget elementor-widget-text-editor\" data-id=\"410f389\" data-element_type=\"widget\" data-e-type=\"widget\" data-widget_type=\"text-editor.default\">\n\t\t\t\t<div class=\"elementor-widget-container\">\n\t\t\t\t\t\t\t\t\t<p>LED@ESCOLAS: Substitui\u00e7\u00e3o de ilumina\u00e7\u00e3o fluorescente T8 por LED em estabelecimentos de ensino profissional, particular e cooperativo<\/p>\t\t\t\t\t\t\t\t<\/div>\n\t\t\t\t<\/div>\n\t\t\t\t<\/div>\n\t\t<div class=\"elementor-element elementor-element-2aadb45 e-con-full e-flex e-con e-child\" data-id=\"2aadb45\" data-element_type=\"container\" data-e-type=\"container\">\n\t\t\t\t<div class=\"elementor-element elementor-element-4125e05 elementor-widget elementor-widget-heading\" data-id=\"4125e05\" data-element_type=\"widget\" data-e-type=\"widget\" data-widget_type=\"heading.default\">\n\t\t\t\t<div class=\"elementor-widget-container\">\n\t\t\t\t\t<h6 class=\"elementor-heading-title elementor-size-default\">Segue-nos<\/h6>\t\t\t\t<\/div>\n\t\t\t\t<\/div>\n\t\t\t\t<div class=\"elementor-element elementor-element-1083a2f e-grid-align-left elementor-widget__width-auto elementor-shape-rounded elementor-grid-0 elementor-widget elementor-widget-social-icons\" data-id=\"1083a2f\" data-element_type=\"widget\" data-e-type=\"widget\" data-widget_type=\"social-icons.default\">\n\t\t\t\t<div class=\"elementor-widget-container\">\n\t\t\t\t\t\t\t<div class=\"elementor-social-icons-wrapper elementor-grid\" role=\"list\">\n\t\t\t\t\t\t\t<span class=\"elementor-grid-item\" role=\"listitem\">\n\t\t\t\t\t<a class=\"elementor-icon elementor-social-icon elementor-social-icon- elementor-repeater-item-5c0ce3c\" href=\"https:\/\/www.instagram.com\/led_escolas\/\" target=\"_blank\">\n\t\t\t\t\t\t<span class=\"elementor-screen-only\"><\/span>\n\t\t\t\t\t\t<svg xmlns=\"http:\/\/www.w3.org\/2000\/svg\" id=\"aaf4d88f-6908-42b9-b3d6-5d6a3ec06a43\" data-name=\"Layer 1\" width=\"27\" height=\"26\" viewBox=\"0 0 27 26\"><path d=\"M26.9922,13.12c0-1.952.0071-3.904-.0054-5.856a7.4912,7.4912,0,0,0-.12-1.3338,6.9762,6.9762,0,0,0-2.4989-4.1911,7.3149,7.3149,0,0,0-4.73-1.7279c-4.031-.02-8.0623-.0061-12.0935-.0071a7.347,7.347,0,0,0-3.6653.907,6.9367,6.9367,0,0,0-3.85,6.2265C-.025,11.0332.0121,14.93.0169,18.8272a6.5069,6.5069,0,0,0,.8908,3.3475A7.2785,7.2785,0,0,0,7.419,25.9708c4.0565.0558,8.1145.0148,12.1719.0131a7.6378,7.6378,0,0,0,4.9015-1.8408,6.9218,6.9218,0,0,0,2.4928-5.276C27.0143,16.9517,26.9915,15.0354,26.9922,13.12ZM13.4174,20.21a7.3625,7.3625,0,0,1-7.4061-7.2182,7.3505,7.3505,0,0,1,7.4992-7.2115,7.3516,7.3516,0,0,1,7.4852,7.2146A7.37,7.37,0,0,1,13.4174,20.21ZM22.4962,5.7791a1.48,1.48,0,0,1-1.5005-1.4476,1.5014,1.5014,0,0,1,3-.0009A1.481,1.481,0,0,1,22.4962,5.7791Z\" transform=\"translate(0 0)\" style=\"fill-rule:evenodd\"><\/path><path d=\"M13.4969,8.3571a4.7331,4.7331,0,0,0-4.8183,4.6445,4.74,4.74,0,0,0,4.8241,4.6413,4.74,4.74,0,0,0,4.8187-4.6466A4.7342,4.7342,0,0,0,13.4969,8.3571Z\" transform=\"translate(0 0)\" style=\"fill-rule:evenodd\"><\/path><\/svg>\t\t\t\t\t<\/a>\n\t\t\t\t<\/span>\n\t\t\t\t\t\t\t<span class=\"elementor-grid-item\" role=\"listitem\">\n\t\t\t\t\t<a class=\"elementor-icon elementor-social-icon elementor-social-icon-facebook-f elementor-repeater-item-3f1b7ac\" href=\"https:\/\/www.facebook.com\/profile.php?id=61574429137938\" target=\"_blank\">\n\t\t\t\t\t\t<span class=\"elementor-screen-only\">Facebook-f<\/span>\n\t\t\t\t\t\t<svg aria-hidden=\"true\" class=\"e-font-icon-svg e-fab-facebook-f\" viewBox=\"0 0 320 512\" xmlns=\"http:\/\/www.w3.org\/2000\/svg\"><path d=\"M279.14 288l14.22-92.66h-88.91v-60.13c0-25.35 12.42-50.06 52.24-50.06h40.42V6.26S260.43 0 225.36 0c-73.22 0-121.08 44.38-121.08 124.72v70.62H22.89V288h81.39v224h100.17V288z\"><\/path><\/svg>\t\t\t\t\t<\/a>\n\t\t\t\t<\/span>\n\t\t\t\t\t\t\t<span class=\"elementor-grid-item\" role=\"listitem\">\n\t\t\t\t\t<a class=\"elementor-icon elementor-social-icon elementor-social-icon-linkedin elementor-repeater-item-87b1fa5\" href=\"https:\/\/www.linkedin.com\/company\/led-escolas\/\" target=\"_blank\">\n\t\t\t\t\t\t<span class=\"elementor-screen-only\">Linkedin<\/span>\n\t\t\t\t\t\t<svg aria-hidden=\"true\" class=\"e-font-icon-svg e-fab-linkedin\" viewBox=\"0 0 448 512\" xmlns=\"http:\/\/www.w3.org\/2000\/svg\"><path d=\"M416 32H31.9C14.3 32 0 46.5 0 64.3v383.4C0 465.5 14.3 480 31.9 480H416c17.6 0 32-14.5 32-32.3V64.3c0-17.8-14.4-32.3-32-32.3zM135.4 416H69V202.2h66.5V416zm-33.2-243c-21.3 0-38.5-17.3-38.5-38.5S80.9 96 102.2 96c21.2 0 38.5 17.3 38.5 38.5 0 21.3-17.2 38.5-38.5 38.5zm282.1 243h-66.4V312c0-24.8-.5-56.7-34.5-56.7-34.6 0-39.9 27-39.9 54.9V416h-66.4V202.2h63.7v29.2h.9c8.9-16.8 30.6-34.5 62.9-34.5 67.2 0 79.7 44.3 79.7 101.9V416z\"><\/path><\/svg>\t\t\t\t\t<\/a>\n\t\t\t\t<\/span>\n\t\t\t\t\t<\/div>\n\t\t\t\t\t\t<\/div>\n\t\t\t\t<\/div>\n\t\t\t\t<\/div>\n\t\t<div class=\"elementor-element elementor-element-f246994 e-con-full e-flex e-con e-child\" data-id=\"f246994\" data-element_type=\"container\" data-e-type=\"container\">\n\t\t\t\t<div class=\"elementor-element elementor-element-f2b4122 elementor-widget elementor-widget-heading\" data-id=\"f2b4122\" data-element_type=\"widget\" data-e-type=\"widget\" data-widget_type=\"heading.default\">\n\t\t\t\t<div class=\"elementor-widget-container\">\n\t\t\t\t\t<h6 class=\"elementor-heading-title elementor-size-default\">Contacto<\/h6>\t\t\t\t<\/div>\n\t\t\t\t<\/div>\n\t\t\t\t<div class=\"elementor-element elementor-element-1487aa2 elementor-widget elementor-widget-text-editor\" data-id=\"1487aa2\" data-element_type=\"widget\" data-e-type=\"widget\" data-widget_type=\"text-editor.default\">\n\t\t\t\t<div class=\"elementor-widget-container\">\n\t\t\t\t\t\t\t\t\t<p><strong>Telefone<\/strong> <br \/>(+351) 217 818 320<br \/><em>Chamada para a rede fixa nacional<\/em><\/p><p><strong>Email<\/strong> <br \/>geral@anespo.pt<\/p>\t\t\t\t\t\t\t\t<\/div>\n\t\t\t\t<\/div>\n\t\t\t\t<\/div>\n\t\t<div class=\"elementor-element elementor-element-b5d982a e-con-full e-flex e-con e-child\" data-id=\"b5d982a\" data-element_type=\"container\" data-e-type=\"container\">\n\t\t\t\t<div class=\"elementor-element elementor-element-7f9363b elementor-widget elementor-widget-heading\" data-id=\"7f9363b\" data-element_type=\"widget\" data-e-type=\"widget\" data-widget_type=\"heading.default\">\n\t\t\t\t<div class=\"elementor-widget-container\">\n\t\t\t\t\t<h6 class=\"elementor-heading-title elementor-size-default\">Links \u00dateis<\/h6>\t\t\t\t<\/div>\n\t\t\t\t<\/div>\n\t\t<div class=\"elementor-element elementor-element-fd11f26 e-con-full e-flex e-con e-child\" data-id=\"fd11f26\" data-element_type=\"container\" data-e-type=\"container\">\n\t\t\t\t<div class=\"elementor-element elementor-element-adafe85 elementor-widget elementor-widget-text-editor\" data-id=\"adafe85\" data-element_type=\"widget\" data-e-type=\"widget\" data-widget_type=\"text-editor.default\">\n\t\t\t\t<div class=\"elementor-widget-container\">\n\t\t\t\t\t\t\t\t\t<p><a href=\"https:\/\/ledescolas.info\/?page_id=602\">FAQ<\/a><br \/><a href=\"https:\/\/ledescolas.info\/wp-content\/uploads\/2025\/07\/2025_07_23_Listagem_escolas.pdf\">Escolas Participantes<\/a><br \/><a href=\"https:\/\/ledescolas.info\/?page_id=692\">Pol\u00edtica de Privacidade<\/a><\/p>\t\t\t\t\t\t\t\t<\/div>\n\t\t\t\t<\/div>\n\t\t\t\t<\/div>\n\t\t\t\t<\/div>\n\t\t\t\t\t<\/div>\n\t\t\t\t<\/div>\n\t\t<div class=\"elementor-element elementor-element-ebb79a3 elementor-hidden-desktop elementor-hidden-tablet e-flex e-con-boxed e-con e-parent\" data-id=\"ebb79a3\" data-element_type=\"container\" data-e-type=\"container\">\n\t\t\t\t\t<div class=\"e-con-inner\">\n\t\t<div class=\"elementor-element elementor-element-1fea2fdb e-con-full e-flex e-con e-child\" data-id=\"1fea2fdb\" data-element_type=\"container\" data-e-type=\"container\">\n\t\t\t\t<div class=\"elementor-element elementor-element-4c696a8e elementor-widget elementor-widget-image\" data-id=\"4c696a8e\" data-element_type=\"widget\" data-e-type=\"widget\" data-widget_type=\"image.default\">\n\t\t\t\t<div class=\"elementor-widget-container\">\n\t\t\t\t\t\t\t\t\t\t\t\t<figure class=\"wp-caption\">\n\t\t\t\t\t\t\t\t\t\t<img loading=\"lazy\" decoding=\"async\" width=\"250\" height=\"100\" src=\"https:\/\/ledescolas.info\/wp-content\/uploads\/2025\/07\/cropped-cropped-Design-sem-nome.webp\" class=\"attachment-medium size-medium wp-image-191\" alt=\"\" \/>\t\t\t\t\t\t\t\t\t\t\t<figcaption class=\"widget-image-caption wp-caption-text\"><\/figcaption>\n\t\t\t\t\t\t\t\t\t\t<\/figure>\n\t\t\t\t\t\t\t\t\t<\/div>\n\t\t\t\t<\/div>\n\t\t\t\t<div class=\"elementor-element elementor-element-4fe1ba67 elementor-widget elementor-widget-text-editor\" data-id=\"4fe1ba67\" data-element_type=\"widget\" data-e-type=\"widget\" data-widget_type=\"text-editor.default\">\n\t\t\t\t<div class=\"elementor-widget-container\">\n\t\t\t\t\t\t\t\t\t<p>LED@ESCOLAS: Substitui\u00e7\u00e3o de ilumina\u00e7\u00e3o fluorescente T8 por LED em estabelecimentos de ensino profissional, particular e cooperativo<\/p>\t\t\t\t\t\t\t\t<\/div>\n\t\t\t\t<\/div>\n\t\t\t\t<\/div>\n\t\t<div class=\"elementor-element elementor-element-3a6539c9 e-con-full e-flex e-con e-child\" data-id=\"3a6539c9\" data-element_type=\"container\" data-e-type=\"container\">\n\t\t\t\t<div class=\"elementor-element elementor-element-234aeac1 elementor-widget elementor-widget-heading\" data-id=\"234aeac1\" data-element_type=\"widget\" data-e-type=\"widget\" data-widget_type=\"heading.default\">\n\t\t\t\t<div class=\"elementor-widget-container\">\n\t\t\t\t\t<h6 class=\"elementor-heading-title elementor-size-default\">Segue-nos<\/h6>\t\t\t\t<\/div>\n\t\t\t\t<\/div>\n\t\t\t\t<div class=\"elementor-element elementor-element-57fc6789 e-grid-align-left elementor-widget__width-auto elementor-shape-rounded elementor-grid-0 elementor-widget elementor-widget-social-icons\" data-id=\"57fc6789\" data-element_type=\"widget\" data-e-type=\"widget\" data-widget_type=\"social-icons.default\">\n\t\t\t\t<div class=\"elementor-widget-container\">\n\t\t\t\t\t\t\t<div class=\"elementor-social-icons-wrapper elementor-grid\" role=\"list\">\n\t\t\t\t\t\t\t<span class=\"elementor-grid-item\" role=\"listitem\">\n\t\t\t\t\t<a class=\"elementor-icon elementor-social-icon elementor-social-icon- elementor-repeater-item-5c0ce3c\" href=\"https:\/\/www.instagram.com\/led_escolas\/\" target=\"_blank\">\n\t\t\t\t\t\t<span class=\"elementor-screen-only\"><\/span>\n\t\t\t\t\t\t<svg xmlns=\"http:\/\/www.w3.org\/2000\/svg\" id=\"aaf4d88f-6908-42b9-b3d6-5d6a3ec06a43\" data-name=\"Layer 1\" width=\"27\" height=\"26\" viewBox=\"0 0 27 26\"><path d=\"M26.9922,13.12c0-1.952.0071-3.904-.0054-5.856a7.4912,7.4912,0,0,0-.12-1.3338,6.9762,6.9762,0,0,0-2.4989-4.1911,7.3149,7.3149,0,0,0-4.73-1.7279c-4.031-.02-8.0623-.0061-12.0935-.0071a7.347,7.347,0,0,0-3.6653.907,6.9367,6.9367,0,0,0-3.85,6.2265C-.025,11.0332.0121,14.93.0169,18.8272a6.5069,6.5069,0,0,0,.8908,3.3475A7.2785,7.2785,0,0,0,7.419,25.9708c4.0565.0558,8.1145.0148,12.1719.0131a7.6378,7.6378,0,0,0,4.9015-1.8408,6.9218,6.9218,0,0,0,2.4928-5.276C27.0143,16.9517,26.9915,15.0354,26.9922,13.12ZM13.4174,20.21a7.3625,7.3625,0,0,1-7.4061-7.2182,7.3505,7.3505,0,0,1,7.4992-7.2115,7.3516,7.3516,0,0,1,7.4852,7.2146A7.37,7.37,0,0,1,13.4174,20.21ZM22.4962,5.7791a1.48,1.48,0,0,1-1.5005-1.4476,1.5014,1.5014,0,0,1,3-.0009A1.481,1.481,0,0,1,22.4962,5.7791Z\" transform=\"translate(0 0)\" style=\"fill-rule:evenodd\"><\/path><path d=\"M13.4969,8.3571a4.7331,4.7331,0,0,0-4.8183,4.6445,4.74,4.74,0,0,0,4.8241,4.6413,4.74,4.74,0,0,0,4.8187-4.6466A4.7342,4.7342,0,0,0,13.4969,8.3571Z\" transform=\"translate(0 0)\" style=\"fill-rule:evenodd\"><\/path><\/svg>\t\t\t\t\t<\/a>\n\t\t\t\t<\/span>\n\t\t\t\t\t\t\t<span class=\"elementor-grid-item\" role=\"listitem\">\n\t\t\t\t\t<a class=\"elementor-icon elementor-social-icon elementor-social-icon-facebook-f elementor-repeater-item-3f1b7ac\" href=\"https:\/\/www.facebook.com\/profile.php?id=61574429137938\" target=\"_blank\">\n\t\t\t\t\t\t<span class=\"elementor-screen-only\">Facebook-f<\/span>\n\t\t\t\t\t\t<svg aria-hidden=\"true\" class=\"e-font-icon-svg e-fab-facebook-f\" viewBox=\"0 0 320 512\" xmlns=\"http:\/\/www.w3.org\/2000\/svg\"><path d=\"M279.14 288l14.22-92.66h-88.91v-60.13c0-25.35 12.42-50.06 52.24-50.06h40.42V6.26S260.43 0 225.36 0c-73.22 0-121.08 44.38-121.08 124.72v70.62H22.89V288h81.39v224h100.17V288z\"><\/path><\/svg>\t\t\t\t\t<\/a>\n\t\t\t\t<\/span>\n\t\t\t\t\t\t\t<span class=\"elementor-grid-item\" role=\"listitem\">\n\t\t\t\t\t<a class=\"elementor-icon elementor-social-icon elementor-social-icon-linkedin elementor-repeater-item-87b1fa5\" href=\"https:\/\/www.linkedin.com\/company\/led-escolas\/\" target=\"_blank\">\n\t\t\t\t\t\t<span class=\"elementor-screen-only\">Linkedin<\/span>\n\t\t\t\t\t\t<svg aria-hidden=\"true\" class=\"e-font-icon-svg e-fab-linkedin\" viewBox=\"0 0 448 512\" xmlns=\"http:\/\/www.w3.org\/2000\/svg\"><path d=\"M416 32H31.9C14.3 32 0 46.5 0 64.3v383.4C0 465.5 14.3 480 31.9 480H416c17.6 0 32-14.5 32-32.3V64.3c0-17.8-14.4-32.3-32-32.3zM135.4 416H69V202.2h66.5V416zm-33.2-243c-21.3 0-38.5-17.3-38.5-38.5S80.9 96 102.2 96c21.2 0 38.5 17.3 38.5 38.5 0 21.3-17.2 38.5-38.5 38.5zm282.1 243h-66.4V312c0-24.8-.5-56.7-34.5-56.7-34.6 0-39.9 27-39.9 54.9V416h-66.4V202.2h63.7v29.2h.9c8.9-16.8 30.6-34.5 62.9-34.5 67.2 0 79.7 44.3 79.7 101.9V416z\"><\/path><\/svg>\t\t\t\t\t<\/a>\n\t\t\t\t<\/span>\n\t\t\t\t\t<\/div>\n\t\t\t\t\t\t<\/div>\n\t\t\t\t<\/div>\n\t\t\t\t<\/div>\n\t\t<div class=\"elementor-element elementor-element-50ab8ea e-con-full e-flex e-con e-child\" data-id=\"50ab8ea\" data-element_type=\"container\" data-e-type=\"container\">\n\t\t\t\t<div class=\"elementor-element elementor-element-adf8a3f elementor-widget elementor-widget-heading\" data-id=\"adf8a3f\" data-element_type=\"widget\" data-e-type=\"widget\" data-widget_type=\"heading.default\">\n\t\t\t\t<div class=\"elementor-widget-container\">\n\t\t\t\t\t<h6 class=\"elementor-heading-title elementor-size-default\">Contacto<\/h6>\t\t\t\t<\/div>\n\t\t\t\t<\/div>\n\t\t\t\t<div class=\"elementor-element elementor-element-3edcf18 elementor-widget elementor-widget-text-editor\" data-id=\"3edcf18\" data-element_type=\"widget\" data-e-type=\"widget\" data-widget_type=\"text-editor.default\">\n\t\t\t\t<div class=\"elementor-widget-container\">\n\t\t\t\t\t\t\t\t\t<p><strong>Telefone<\/strong> <br \/>(+351) 217 818 320<br \/><em>Chamada para a rede fixa nacional<\/em><\/p><p><strong>Email<\/strong> <br \/>geral@anespo.pt<\/p>\t\t\t\t\t\t\t\t<\/div>\n\t\t\t\t<\/div>\n\t\t\t\t<\/div>\n\t\t<div class=\"elementor-element elementor-element-523a059d e-con-full e-flex e-con e-child\" data-id=\"523a059d\" data-element_type=\"container\" data-e-type=\"container\">\n\t\t\t\t<div class=\"elementor-element elementor-element-4d8c222a elementor-widget elementor-widget-heading\" data-id=\"4d8c222a\" data-element_type=\"widget\" data-e-type=\"widget\" data-widget_type=\"heading.default\">\n\t\t\t\t<div class=\"elementor-widget-container\">\n\t\t\t\t\t<h6 class=\"elementor-heading-title elementor-size-default\">Links \u00dateis<\/h6>\t\t\t\t<\/div>\n\t\t\t\t<\/div>\n\t\t<div class=\"elementor-element elementor-element-1a536355 e-con-full e-flex e-con e-child\" data-id=\"1a536355\" data-element_type=\"container\" data-e-type=\"container\">\n\t\t\t\t<div class=\"elementor-element elementor-element-434ce21b elementor-hidden-desktop elementor-hidden-tablet elementor-widget elementor-widget-text-editor\" data-id=\"434ce21b\" data-element_type=\"widget\" data-e-type=\"widget\" data-widget_type=\"text-editor.default\">\n\t\t\t\t<div class=\"elementor-widget-container\">\n\t\t\t\t\t\t\t\t\t<p><a href=\"https:\/\/ledescolas.info\/?page_id=602\">FAQ<\/a><br \/><a href=\"https:\/\/ledescolas.info\/wp-content\/uploads\/2025\/07\/2025_07_23_Listagem_escolas.pdf\">Escolas Participantes<\/a><br \/><a href=\"https:\/\/ledescolas.info\/?page_id=692\">Pol\u00edtica de Privacidade<\/a><\/p>\t\t\t\t\t\t\t\t<\/div>\n\t\t\t\t<\/div>\n\t\t\t\t<\/div>\n\t\t\t\t<\/div>\n\t\t\t\t\t<\/div>\n\t\t\t\t<\/div>\n\t\t<div class=\"elementor-element elementor-element-74aaa26 elementor-hidden-mobile e-flex e-con-boxed e-con e-parent\" data-id=\"74aaa26\" data-element_type=\"container\" data-e-type=\"container\">\n\t\t\t\t\t<div class=\"e-con-inner\">\n\t\t<div class=\"elementor-element elementor-element-c5a95c9 e-con-full e-flex e-con e-child\" data-id=\"c5a95c9\" data-element_type=\"container\" data-e-type=\"container\">\n\t\t\t\t<div class=\"elementor-element elementor-element-00e4d36 elementor-widget elementor-widget-heading\" data-id=\"00e4d36\" data-element_type=\"widget\" data-e-type=\"widget\" data-widget_type=\"heading.default\">\n\t\t\t\t<div class=\"elementor-widget-container\">\n\t\t\t\t\t<h5 class=\"elementor-heading-title elementor-size-default\">Promotores<\/h5>\t\t\t\t<\/div>\n\t\t\t\t<\/div>\n\t\t\t\t<\/div>\n\t\t<div class=\"elementor-element elementor-element-7e327d7 e-con-full e-flex e-con e-child\" data-id=\"7e327d7\" data-element_type=\"container\" data-e-type=\"container\">\n\t\t\t\t<div class=\"elementor-element elementor-element-a3e423b elementor-widget elementor-widget-heading\" data-id=\"a3e423b\" data-element_type=\"widget\" data-e-type=\"widget\" data-widget_type=\"heading.default\">\n\t\t\t\t<div class=\"elementor-widget-container\">\n\t\t\t\t\t<h5 class=\"elementor-heading-title elementor-size-default\">Aprovado pela:<\/h5>\t\t\t\t<\/div>\n\t\t\t\t<\/div>\n\t\t\t\t<\/div>\n\t\t\t\t\t<\/div>\n\t\t\t\t<\/div>\n\t\t<div class=\"elementor-element elementor-element-a37e924 e-grid elementor-hidden-mobile e-con-boxed e-con e-parent\" data-id=\"a37e924\" data-element_type=\"container\" data-e-type=\"container\">\n\t\t\t\t\t<div class=\"e-con-inner\">\n\t\t<div class=\"elementor-element elementor-element-ab61529 e-con-full e-grid e-con e-child\" data-id=\"ab61529\" data-element_type=\"container\" data-e-type=\"container\">\n\t\t\t\t<div class=\"elementor-element elementor-element-b7fe9b5 elementor-widget elementor-widget-image\" data-id=\"b7fe9b5\" data-element_type=\"widget\" data-e-type=\"widget\" data-widget_type=\"image.default\">\n\t\t\t\t<div class=\"elementor-widget-container\">\n\t\t\t\t\t\t\t\t\t\t\t\t\t\t\t<img loading=\"lazy\" decoding=\"async\" width=\"300\" height=\"300\" src=\"https:\/\/ledescolas.info\/wp-content\/uploads\/2025\/07\/Design-sem-nome-4.jpg\" class=\"attachment-medium_large size-medium_large wp-image-595\" alt=\"\" srcset=\"https:\/\/ledescolas.info\/wp-content\/uploads\/2025\/07\/Design-sem-nome-4.jpg 300w, https:\/\/ledescolas.info\/wp-content\/uploads\/2025\/07\/Design-sem-nome-4-150x150.jpg 150w\" sizes=\"(max-width: 300px) 100vw, 300px\" \/>\t\t\t\t\t\t\t\t\t\t\t\t\t\t\t<\/div>\n\t\t\t\t<\/div>\n\t\t\t\t<div class=\"elementor-element elementor-element-3713c8e elementor-widget elementor-widget-image\" data-id=\"3713c8e\" data-element_type=\"widget\" data-e-type=\"widget\" data-widget_type=\"image.default\">\n\t\t\t\t<div class=\"elementor-widget-container\">\n\t\t\t\t\t\t\t\t\t\t\t\t\t\t\t<img loading=\"lazy\" decoding=\"async\" width=\"300\" height=\"300\" src=\"https:\/\/ledescolas.info\/wp-content\/uploads\/2025\/07\/Design-sem-nome-4.webp\" class=\"attachment-medium_large size-medium_large wp-image-594\" alt=\"\" srcset=\"https:\/\/ledescolas.info\/wp-content\/uploads\/2025\/07\/Design-sem-nome-4.webp 300w, https:\/\/ledescolas.info\/wp-content\/uploads\/2025\/07\/Design-sem-nome-4-150x150.webp 150w\" sizes=\"(max-width: 300px) 100vw, 300px\" \/>\t\t\t\t\t\t\t\t\t\t\t\t\t\t\t<\/div>\n\t\t\t\t<\/div>\n\t\t\t\t<\/div>\n\t\t<div class=\"elementor-element elementor-element-9c00020 e-con-full e-flex e-con e-child\" data-id=\"9c00020\" data-element_type=\"container\" data-e-type=\"container\">\n\t\t\t\t<div class=\"elementor-element elementor-element-da52364 elementor-widget elementor-widget-image\" data-id=\"da52364\" data-element_type=\"widget\" data-e-type=\"widget\" data-widget_type=\"image.default\">\n\t\t\t\t<div class=\"elementor-widget-container\">\n\t\t\t\t\t\t\t\t\t\t\t\t\t\t\t<img loading=\"lazy\" decoding=\"async\" width=\"300\" height=\"85\" src=\"https:\/\/ledescolas.info\/wp-content\/uploads\/2025\/07\/logo-ERSE_cores-min-300x85.webp\" class=\"attachment-medium size-medium wp-image-537\" alt=\"\" srcset=\"https:\/\/ledescolas.info\/wp-content\/uploads\/2025\/07\/logo-ERSE_cores-min-300x85.webp 300w, https:\/\/ledescolas.info\/wp-content\/uploads\/2025\/07\/logo-ERSE_cores-min-1024x291.png 1024w, https:\/\/ledescolas.info\/wp-content\/uploads\/2025\/07\/logo-ERSE_cores-min-768x218.png 768w, https:\/\/ledescolas.info\/wp-content\/uploads\/2025\/07\/logo-ERSE_cores-min-1536x437.png 1536w, https:\/\/ledescolas.info\/wp-content\/uploads\/2025\/07\/logo-ERSE_cores-min.png 1682w\" sizes=\"(max-width: 300px) 100vw, 300px\" \/>\t\t\t\t\t\t\t\t\t\t\t\t\t\t\t<\/div>\n\t\t\t\t<\/div>\n\t\t\t\t<\/div>\n\t\t\t\t\t<\/div>\n\t\t\t\t<\/div>\n\t\t<div class=\"elementor-element elementor-element-f2c4082 e-flex e-con-boxed e-con e-parent\" data-id=\"f2c4082\" data-element_type=\"container\" data-e-type=\"container\">\n\t\t\t\t\t<div class=\"e-con-inner\">\n\t\t\t\t<div class=\"elementor-element elementor-element-4434541 elementor-hidden-desktop elementor-hidden-tablet elementor-widget elementor-widget-heading\" data-id=\"4434541\" data-element_type=\"widget\" data-e-type=\"widget\" data-widget_type=\"heading.default\">\n\t\t\t\t<div class=\"elementor-widget-container\">\n\t\t\t\t\t<h2 class=\"elementor-heading-title elementor-size-default\">Promotores<\/h2>\t\t\t\t<\/div>\n\t\t\t\t<\/div>\n\t\t\t\t\t<\/div>\n\t\t\t\t<\/div>\n\t\t<div class=\"elementor-element elementor-element-be01f48 elementor-hidden-desktop elementor-hidden-tablet e-flex e-con-boxed e-con e-parent\" data-id=\"be01f48\" data-element_type=\"container\" data-e-type=\"container\">\n\t\t\t\t\t<div class=\"e-con-inner\">\n\t\t<div class=\"elementor-element elementor-element-2f5596b e-con-full e-flex e-con e-child\" data-id=\"2f5596b\" data-element_type=\"container\" data-e-type=\"container\">\n\t\t\t\t<div class=\"elementor-element elementor-element-ceaa849 elementor-widget elementor-widget-image\" data-id=\"ceaa849\" data-element_type=\"widget\" data-e-type=\"widget\" data-widget_type=\"image.default\">\n\t\t\t\t<div class=\"elementor-widget-container\">\n\t\t\t\t\t\t\t\t\t\t\t\t\t\t\t<img loading=\"lazy\" decoding=\"async\" width=\"300\" height=\"300\" src=\"https:\/\/ledescolas.info\/wp-content\/uploads\/2025\/07\/Design-sem-nome-4.jpg\" class=\"attachment-medium_large size-medium_large wp-image-595\" alt=\"\" srcset=\"https:\/\/ledescolas.info\/wp-content\/uploads\/2025\/07\/Design-sem-nome-4.jpg 300w, https:\/\/ledescolas.info\/wp-content\/uploads\/2025\/07\/Design-sem-nome-4-150x150.jpg 150w\" sizes=\"(max-width: 300px) 100vw, 300px\" \/>\t\t\t\t\t\t\t\t\t\t\t\t\t\t\t<\/div>\n\t\t\t\t<\/div>\n\t\t\t\t<\/div>\n\t\t<div class=\"elementor-element elementor-element-5d1a139 e-con-full e-flex e-con e-child\" data-id=\"5d1a139\" data-element_type=\"container\" data-e-type=\"container\">\n\t\t\t\t<div class=\"elementor-element elementor-element-f718c6f elementor-widget elementor-widget-image\" data-id=\"f718c6f\" data-element_type=\"widget\" data-e-type=\"widget\" data-widget_type=\"image.default\">\n\t\t\t\t<div class=\"elementor-widget-container\">\n\t\t\t\t\t\t\t\t\t\t\t\t\t\t\t<img loading=\"lazy\" decoding=\"async\" width=\"300\" height=\"300\" src=\"https:\/\/ledescolas.info\/wp-content\/uploads\/2025\/07\/Design-sem-nome-4.webp\" class=\"attachment-medium_large size-medium_large wp-image-594\" alt=\"\" srcset=\"https:\/\/ledescolas.info\/wp-content\/uploads\/2025\/07\/Design-sem-nome-4.webp 300w, https:\/\/ledescolas.info\/wp-content\/uploads\/2025\/07\/Design-sem-nome-4-150x150.webp 150w\" sizes=\"(max-width: 300px) 100vw, 300px\" \/>\t\t\t\t\t\t\t\t\t\t\t\t\t\t\t<\/div>\n\t\t\t\t<\/div>\n\t\t\t\t<\/div>\n\t\t\t\t\t<\/div>\n\t\t\t\t<\/div>\n\t\t<div class=\"elementor-element elementor-element-5ce946e elementor-hidden-desktop elementor-hidden-tablet e-flex e-con-boxed e-con e-parent\" data-id=\"5ce946e\" data-element_type=\"container\" data-e-type=\"container\">\n\t\t\t\t\t<div class=\"e-con-inner\">\n\t\t\t\t<div class=\"elementor-element elementor-element-8b42d6a elementor-widget elementor-widget-heading\" data-id=\"8b42d6a\" data-element_type=\"widget\" data-e-type=\"widget\" data-widget_type=\"heading.default\">\n\t\t\t\t<div class=\"elementor-widget-container\">\n\t\t\t\t\t<h2 class=\"elementor-heading-title elementor-size-default\">Aprovado pela <\/h2>\t\t\t\t<\/div>\n\t\t\t\t<\/div>\n\t\t\t\t\t<\/div>\n\t\t\t\t<\/div>\n\t\t<div class=\"elementor-element elementor-element-ee1ece9 elementor-hidden-desktop elementor-hidden-tablet e-flex e-con-boxed e-con e-parent\" data-id=\"ee1ece9\" data-element_type=\"container\" data-e-type=\"container\">\n\t\t\t\t\t<div class=\"e-con-inner\">\n\t\t<div class=\"elementor-element elementor-element-500122a e-con-full e-flex e-con e-child\" data-id=\"500122a\" data-element_type=\"container\" data-e-type=\"container\">\n\t\t\t\t<div class=\"elementor-element elementor-element-5ac7e28 elementor-widget elementor-widget-image\" data-id=\"5ac7e28\" data-element_type=\"widget\" data-e-type=\"widget\" data-widget_type=\"image.default\">\n\t\t\t\t<div class=\"elementor-widget-container\">\n\t\t\t\t\t\t\t\t\t\t\t\t\t\t\t<img loading=\"lazy\" decoding=\"async\" width=\"300\" height=\"85\" src=\"https:\/\/ledescolas.info\/wp-content\/uploads\/2025\/07\/logo-ERSE_cores-min-300x85.webp\" class=\"attachment-medium size-medium wp-image-537\" alt=\"\" srcset=\"https:\/\/ledescolas.info\/wp-content\/uploads\/2025\/07\/logo-ERSE_cores-min-300x85.webp 300w, https:\/\/ledescolas.info\/wp-content\/uploads\/2025\/07\/logo-ERSE_cores-min-1024x291.png 1024w, https:\/\/ledescolas.info\/wp-content\/uploads\/2025\/07\/logo-ERSE_cores-min-768x218.png 768w, https:\/\/ledescolas.info\/wp-content\/uploads\/2025\/07\/logo-ERSE_cores-min-1536x437.png 1536w, https:\/\/ledescolas.info\/wp-content\/uploads\/2025\/07\/logo-ERSE_cores-min.png 1682w\" sizes=\"(max-width: 300px) 100vw, 300px\" \/>\t\t\t\t\t\t\t\t\t\t\t\t\t\t\t<\/div>\n\t\t\t\t<\/div>\n\t\t\t\t<\/div>\n\t\t<div class=\"elementor-element elementor-element-6fd8127 e-con-full e-flex e-con e-child\" data-id=\"6fd8127\" data-element_type=\"container\" data-e-type=\"container\">\n\t\t\t\t<\/div>\n\t\t\t\t\t<\/div>\n\t\t\t\t<\/div>\n\t\t<div class=\"elementor-element elementor-element-a1d6677 elementor-hidden-mobile e-flex e-con-boxed e-con e-parent\" data-id=\"a1d6677\" data-element_type=\"container\" data-e-type=\"container\" data-settings=\"{&quot;background_background&quot;:&quot;classic&quot;}\">\n\t\t\t\t\t<div class=\"e-con-inner\">\n\t\t\t\t<div class=\"elementor-element elementor-element-58bf24c8 elementor-widget elementor-widget-heading\" data-id=\"58bf24c8\" data-element_type=\"widget\" data-e-type=\"widget\" data-widget_type=\"heading.default\">\n\t\t\t\t<div class=\"elementor-widget-container\">\n\t\t\t\t\t<p class=\"elementor-heading-title elementor-size-default\">Copyright \u00a9 2025 ANESPO - Associa\u00e7\u00e3o Nacional de Escolas Profissionais<\/p>\t\t\t\t<\/div>\n\t\t\t\t<\/div>\n\t\t\t\t<div class=\"elementor-element elementor-element-a40557a elementor-widget elementor-widget-heading\" data-id=\"a40557a\" data-element_type=\"widget\" data-e-type=\"widget\" data-widget_type=\"heading.default\">\n\t\t\t\t<div class=\"elementor-widget-container\">\n\t\t\t\t\t<p class=\"elementor-heading-title elementor-size-default\">Inspirado na proposta vencedora do Concurso de Ideias, por Tiago Madureira e Daniel Neves, alunos da Escola de Com\u00e9rcio do Porto<\/p>\t\t\t\t<\/div>\n\t\t\t\t<\/div>\n\t\t\t\t\t<\/div>\n\t\t\t\t<\/div>\n\t\t<div class=\"elementor-element elementor-element-33d720d elementor-hidden-desktop elementor-hidden-tablet e-flex e-con-boxed e-con e-parent\" data-id=\"33d720d\" data-element_type=\"container\" data-e-type=\"container\" data-settings=\"{&quot;background_background&quot;:&quot;classic&quot;}\">\n\t\t\t\t\t<div class=\"e-con-inner\">\n\t\t\t\t<div class=\"elementor-element elementor-element-465469c elementor-widget elementor-widget-heading\" data-id=\"465469c\" data-element_type=\"widget\" data-e-type=\"widget\" data-widget_type=\"heading.default\">\n\t\t\t\t<div class=\"elementor-widget-container\">\n\t\t\t\t\t<p class=\"elementor-heading-title elementor-size-default\">Copyright \u00a9 2025 ANESPO - Associa\u00e7\u00e3o Nacional de Escolas Profissionais<\/p>\t\t\t\t<\/div>\n\t\t\t\t<\/div>\n\t\t\t\t<div class=\"elementor-element elementor-element-8e658df elementor-widget elementor-widget-heading\" data-id=\"8e658df\" data-element_type=\"widget\" data-e-type=\"widget\" data-widget_type=\"heading.default\">\n\t\t\t\t<div class=\"elementor-widget-container\">\n\t\t\t\t\t<p class=\"elementor-heading-title elementor-size-default\">Inspirado na proposta vencedora do Concurso de Ideias, por Tiago Madureira e Daniel Neves, alunos da Escola de Com\u00e9rcio do Porto<\/p>\t\t\t\t<\/div>\n\t\t\t\t<\/div>\n\t\t\t\t\t<\/div>\n\t\t\t\t<\/div>\n\t\t\t\t<\/div>\n\t\t","protected":false},"excerpt":{"rendered":"<p>Sobre o Projeto Promovido pela ANESPO, em parceria com a AEEP, o LED@Escolas substitui a ilumina\u00e7\u00e3o fluorescente T8 por LED em escolas profissionais, particulares e cooperativas, envolvendo a comunidade escolar na cria\u00e7\u00e3o da imagem corporativa do projeto Resumo do webinar aqui Programa Sobre o Projeto Promovido pela ANESPO, em parceria com a AEEP, o LED@Escolas [&hellip;]<\/p>\n","protected":false},"author":1,"featured_media":0,"parent":0,"menu_order":0,"comment_status":"closed","ping_status":"closed","template":"","meta":{"_monsterinsights_skip_tracking":false,"_monsterinsights_sitenote_active":false,"_monsterinsights_sitenote_note":"","_monsterinsights_sitenote_category":0,"footnotes":""},"class_list":["post-30","page","type-page","status-publish","hentry"],"_links":{"self":[{"href":"https:\/\/ledescolas.info\/index.php?rest_route=\/wp\/v2\/pages\/30","targetHints":{"allow":["GET"]}}],"collection":[{"href":"https:\/\/ledescolas.info\/index.php?rest_route=\/wp\/v2\/pages"}],"about":[{"href":"https:\/\/ledescolas.info\/index.php?rest_route=\/wp\/v2\/types\/page"}],"author":[{"embeddable":true,"href":"https:\/\/ledescolas.info\/index.php?rest_route=\/wp\/v2\/users\/1"}],"replies":[{"embeddable":true,"href":"https:\/\/ledescolas.info\/index.php?rest_route=%2Fwp%2Fv2%2Fcomments&post=30"}],"version-history":[{"count":679,"href":"https:\/\/ledescolas.info\/index.php?rest_route=\/wp\/v2\/pages\/30\/revisions"}],"predecessor-version":[{"id":1108,"href":"https:\/\/ledescolas.info\/index.php?rest_route=\/wp\/v2\/pages\/30\/revisions\/1108"}],"wp:attachment":[{"href":"https:\/\/ledescolas.info\/index.php?rest_route=%2Fwp%2Fv2%2Fmedia&parent=30"}],"curies":[{"name":"wp","href":"https:\/\/api.w.org\/{rel}","templated":true}]}}